{"id":1416,"date":"2021-03-09T10:08:42","date_gmt":"2021-03-09T15:08:42","guid":{"rendered":"https:\/\/cliniquemec.com\/nouveau-et-sur-1-epilation-peau-foncee-et-noire\/"},"modified":"2026-03-30T17:55:34","modified_gmt":"2026-03-30T22:55:34","slug":"epilation-laser-peaux-foncees-laval","status":"publish","type":"page","link":"https:\/\/cliniquemec.com\/fr\/epilation-laser-peaux-foncees-laval\/","title":{"rendered":"\u00c9pilation laser peaux fonc\u00e9es Laval"},"content":{"rendered":"\t\t<div data-elementor-type=\"wp-page\" data-elementor-id=\"1416\" class=\"elementor elementor-1416 elementor-1384\" data-elementor-post-type=\"page\">\n\t\t\t\t\t\t<section class=\"elementor-section elementor-top-section elementor-element elementor-element-5869beea elementor-section-boxed elementor-section-height-default elementor-section-height-default\" data-id=\"5869beea\" data-element_type=\"section\" data-e-type=\"section\" id=\"Epilation-peau-foncee-et-noire\">\n\t\t\t\t\t\t<div class=\"elementor-container elementor-column-gap-default\">\n\t\t\t\t\t<div class=\"elementor-column elementor-col-100 elementor-top-column elementor-element elementor-element-5c05bd1a\" data-id=\"5c05bd1a\" data-element_type=\"column\" data-e-type=\"column\">\n\t\t\t<div class=\"elementor-widget-wrap elementor-element-populated\">\n\t\t\t\t\t\t<div class=\"elementor-element elementor-element-1f15459a elementor-widget elementor-widget-breadcrumbs\" data-id=\"1f15459a\" data-element_type=\"widget\" data-e-type=\"widget\" data-widget_type=\"breadcrumbs.default\">\n\t\t\t\t<div class=\"elementor-widget-container\">\n\t\t\t\t\t<div><span class=\"last\">Accueil<\/span><\/div>\t\t\t\t<\/div>\n\t\t\t\t<\/div>\n\t\t\t\t\t<\/div>\n\t\t<\/div>\n\t\t\t\t\t<\/div>\n\t\t<\/section>\n\t\t\t\t<section class=\"elementor-section elementor-top-section elementor-element elementor-element-2305e9c5 elementor-section-boxed elementor-section-height-default elementor-section-height-default\" data-id=\"2305e9c5\" data-element_type=\"section\" data-e-type=\"section\" id=\"Epilation-laser-Nd-YAG\">\n\t\t\t\t\t\t<div class=\"elementor-container elementor-column-gap-default\">\n\t\t\t\t\t<div class=\"elementor-column elementor-col-66 elementor-top-column elementor-element elementor-element-53fe175e\" data-id=\"53fe175e\" data-element_type=\"column\" data-e-type=\"column\">\n\t\t\t<div class=\"elementor-widget-wrap elementor-element-populated\">\n\t\t\t\t\t\t<div class=\"elementor-element elementor-element-7cc1a407 elementor-widget elementor-widget-heading\" data-id=\"7cc1a407\" data-element_type=\"widget\" data-e-type=\"widget\" data-widget_type=\"heading.default\">\n\t\t\t\t\t<h2 class=\"elementor-heading-title elementor-size-default\">\u00c9PILATION LASER PEAUX FONC\u00c9ES LAVAL<\/h2>\t\t\t\t<\/div>\n\t\t\t\t<div class=\"elementor-element elementor-element-cd6f5b1 elementor-widget elementor-widget-heading\" data-id=\"cd6f5b1\" data-element_type=\"widget\" data-e-type=\"widget\" data-widget_type=\"heading.default\">\n\t\t\t\t\t<h5 class=\"elementor-heading-title elementor-size-default\">\u00c9pilation laser peaux fonc\u00e9es Laval, laser Nd:YAG pour la peau noire, brune ou pigment\u00e9e.<\/h5>\t\t\t\t<\/div>\n\t\t\t\t<section class=\"elementor-section elementor-inner-section elementor-element elementor-element-6dcbd42 elementor-section-boxed elementor-section-height-default elementor-section-height-default\" data-id=\"6dcbd42\" data-element_type=\"section\" data-e-type=\"section\">\n\t\t\t\t\t\t<div class=\"elementor-container elementor-column-gap-default\">\n\t\t\t\t\t<div class=\"elementor-column elementor-col-50 elementor-inner-column elementor-element elementor-element-8056087\" data-id=\"8056087\" data-element_type=\"column\" data-e-type=\"column\">\n\t\t\t<div class=\"elementor-widget-wrap elementor-element-populated\">\n\t\t\t\t\t\t<div class=\"elementor-element elementor-element-d70f6ca elementor-widget elementor-widget-image\" data-id=\"d70f6ca\" data-element_type=\"widget\" data-e-type=\"widget\" data-widget_type=\"image.default\">\n\t\t\t\t\t\t\t\t\t\t\t\t\t\t\t\t<a href=\"https:\/\/cliniquemec.com\/fr\/\">\n\t\t\t\t\t\t\t<img data-rjs=\"2\" fetchpriority=\"high\" decoding=\"async\" width=\"570\" height=\"926\" src=\"https:\/\/cliniquemec.com\/wp-content\/uploads\/2026\/03\/epilation-laser-peaux-foncees-laval.jpg\" class=\"attachment-large size-large wp-image-12155\" alt=\"Traitement d\u2019\u00e9pilation laser pour peaux fonc\u00e9es \u00e0 Laval\" srcset=\"https:\/\/cliniquemec.com\/wp-content\/uploads\/2026\/03\/epilation-laser-peaux-foncees-laval.jpg 570w, https:\/\/cliniquemec.com\/wp-content\/uploads\/2026\/03\/epilation-laser-peaux-foncees-laval-185x300.jpg 185w, https:\/\/cliniquemec.com\/wp-content\/uploads\/2026\/03\/epilation-laser-peaux-foncees-laval-55x90.jpg 55w, https:\/\/cliniquemec.com\/wp-content\/uploads\/2026\/03\/epilation-laser-peaux-foncees-laval-49x80.jpg 49w, https:\/\/cliniquemec.com\/wp-content\/uploads\/2026\/03\/epilation-laser-peaux-foncees-laval-187x303.jpg 187w, https:\/\/cliniquemec.com\/wp-content\/uploads\/2026\/03\/epilation-laser-peaux-foncees-laval-431x700.jpg 431w\" sizes=\"(max-width: 570px) 100vw, 570px\" \/>\t\t\t\t\t\t\t\t<\/a>\n\t\t\t\t\t\t\t\t\t\t\t\t\t\t\t<\/div>\n\t\t\t\t\t<\/div>\n\t\t<\/div>\n\t\t\t\t<div class=\"elementor-column elementor-col-50 elementor-inner-column elementor-element elementor-element-a679ea9\" data-id=\"a679ea9\" data-element_type=\"column\" data-e-type=\"column\">\n\t\t\t<div class=\"elementor-widget-wrap elementor-element-populated\">\n\t\t\t\t\t\t<div class=\"elementor-element elementor-element-268b7a6b elementor-widget elementor-widget-text-editor\" data-id=\"268b7a6b\" data-element_type=\"widget\" data-e-type=\"widget\" data-widget_type=\"text-editor.default\">\n\t\t\t\t\t\t\t\t\t<p>La Clinique M\u00e9dico Esth\u00e9tique Complexions est fi\u00e8re d&rsquo;offrir \u00e0 ses clients de la grande r\u00e9gion de Laval, au Qu\u00e9bec au nord de l&rsquo;\u00eele de Montr\u00e9al, l&rsquo;<strong>\u00e9pilation\u00a0 laser peaux fonc\u00e9es Laval<\/strong>.<\/p><p>Nous proposons laser Nd: YAG pour l&rsquo;<em>\u00e9pilation peaux fonc\u00e9es Laval<\/em>, la meilleure technologie en termes de s\u00e9curit\u00e9 et d&rsquo;efficacit\u00e9 pour le traitement des patients \u00e0 peau noire, brune ou dite pigment\u00e9e.<\/p>\t\t\t\t\t\t\t\t<\/div>\n\t\t\t\t\t<\/div>\n\t\t<\/div>\n\t\t\t\t\t<\/div>\n\t\t<\/section>\n\t\t\t\t<div class=\"elementor-element elementor-element-146271a animated-fast elementor-invisible elementor-widget elementor-widget-themo-call-to-action\" data-id=\"146271a\" data-element_type=\"widget\" data-e-type=\"widget\" data-settings=\"{&quot;_animation&quot;:&quot;fadeIn&quot;}\" data-widget_type=\"themo-call-to-action.default\">\n\t\t\t\t<div class=\"elementor-widget-container\">\n\t\t\t\t\t\t\t<div class=\"th-cta\">\n\t\t\t\t\t        <div class=\"th-cta-text\">\n\t\t            <span>Sculptez, lissez, faites briller \u2013 Lib\u00e9rez votre meilleur corps, sans poils et sans d\u00e9faut !<\/span>\n\t\t        <\/div>\n\t\t    \n                        <div class=\"th-cta-btn\">\n\n                                    <a class=\"btn-1 btn th-btn btn-cta-primary\" href=\"https:\/\/cliniquemec.com\/fr\/nouveau-et-sur-1-epilation-laser-laval\/\">\n                                                    \u00c9PILATION LASER LAVAL                                            <\/a>\n                \n                                    <a class=\"btn-2 btn th-btn btn-standard-accent\" href=\"https:\/\/cliniquemec.com\/#getintouch\">\n                                                    PRENDRE RENDEZ-VOUS                                            <\/a>\n                            <\/div>\n            \t\t<\/div>\n\t\t\t\t\t\t<\/div>\n\t\t\t\t<\/div>\n\t\t\t\t<div class=\"elementor-element elementor-element-700f082 elementor-widget elementor-widget-text-editor\" data-id=\"700f082\" data-element_type=\"widget\" data-e-type=\"widget\" data-widget_type=\"text-editor.default\">\n\t\t\t\t\t\t\t\t\t<p data-start=\"1262\" data-end=\"1450\">L\u2019<a class=\"decorated-link\" href=\"https:\/\/cliniquemec.com\/fr\/epilation-laser-laval\/\" rel=\"noopener\" data-start=\"1454\" data-end=\"1507\">\u00e9pilation laser \u00e0 Laval<\/a> permet aujourd\u2019hui de traiter diff\u00e9rents types de peau gr\u00e2ce aux technologies modernes comme le Nd:YAG et la plateforme Triton. Ces syst\u00e8mes permettent \u00e9galement de traiter diff\u00e9rentes zones du corps comme le visage, le bikini ou le dos.<\/p><p data-start=\"1262\" data-end=\"1450\">Les technologies modernes d&rsquo;\u00e9pilation permettent aujourd\u2019hui de traiter diff\u00e9rentes zones du corps. Pour en savoir plus sur les traitements disponibles, consultez \u00e9galement nos pages sur :<\/p><ul><li><a class=\"decorated-link\" href=\"https:\/\/cliniquemec.com\/fr\/epilation-laser-laval\/\">\u00c9pilation laser \u00e0 Laval<\/a><\/li><li><a class=\"decorated-link\" href=\"https:\/\/cliniquemec.com\/fr\/fr\/epilation-laser-visage\/\" rel=\"noopener\">\u00c9pilation laser du visage<\/a><\/li><li><a href=\"https:\/\/cliniquemec.com\/fr\/fr\/epilation-laser-bikini\/\">\u00c9pilation laser bikini<\/a><\/li><li><a href=\"https:\/\/cliniquemec.com\/fr\/epilation-laser-pour-hommes\/\">\u00c9pilation laser pour hommes<\/a><\/li><\/ul><p>Prenez rendez-vous en ligne (<a href=\"https:\/\/cliniquemec.com\/fr\/#book\">ici<\/a>) ou contactez-nous au <span style=\"color: #ff00ff;\"><a style=\"color: #ec65a5;\" href=\"http:\/\/+1-514-651-2632\" rel=\"nofollow\"><strong>(514) 651-CMEC (2632)<\/strong><\/a><\/span> et r\u00e9servez une \u00e9pilation laser gratuite pour une consultation \u00e9pilation peaux fonc\u00e9es Laval.<\/p>\t\t\t\t\t\t\t\t<\/div>\n\t\t\t\t<div class=\"elementor-element elementor-element-557a32ce elementor-widget elementor-widget-heading\" data-id=\"557a32ce\" data-element_type=\"widget\" data-e-type=\"widget\" id=\"Comment-utilisons-nous-le-laser-Nd-YAG\" data-widget_type=\"heading.default\">\n\t\t\t\t\t<h4 class=\"elementor-heading-title elementor-size-default\">Comment utilisons-nous le laser Nd: YAG dans l\u2019\u00e9pilation d\u00e9finitive des poils ind\u00e9sirables \u00e0 notre clinique \u00e0 Laval, Qu\u00e9bec au nord de l\u2019\u00eele de Montr\u00e9al?<\/h4>\t\t\t\t<\/div>\n\t\t\t\t<div class=\"elementor-element elementor-element-709a9ea8 elementor-widget elementor-widget-text-editor\" data-id=\"709a9ea8\" data-element_type=\"widget\" data-e-type=\"widget\" data-widget_type=\"text-editor.default\">\n\t\t\t\t\t\t\t\t\t<p>L&rsquo;\u00e9nergie lumineuse cr\u00e9\u00e9e par le laser Nd: YAG est absorb\u00e9e par le pigment (m\u00e9lanine) de la racine du poil.<\/p>\n<p>L&rsquo;effet de la chaleur produite par le laser Nd: YAG cr\u00e9e une diminution progressive de la taille des cheveux et une disparition du poil.<\/p>\n\t\t\t\t\t\t\t\t<\/div>\n\t\t\t\t<div class=\"elementor-element elementor-element-7244282c elementor-widget elementor-widget-text-editor\" data-id=\"7244282c\" data-element_type=\"widget\" data-e-type=\"widget\" data-widget_type=\"text-editor.default\">\n\t\t\t\t\t\t\t\t\t<p><strong>Traitement au laser Nd: Yag pour la pseudofolliculite de la barbe, les cicatrices et les taches<\/strong><\/p>\n\t\t\t\t\t\t\t\t<\/div>\n\t\t\t\t<div class=\"elementor-element elementor-element-20d1ee4 elementor-widget elementor-widget-image\" data-id=\"20d1ee4\" data-element_type=\"widget\" data-e-type=\"widget\" data-widget_type=\"image.default\">\n\t\t\t\t\t\t\t\t\t\t\t\t\t\t\t<img data-rjs=\"2\" decoding=\"async\" width=\"550\" height=\"301\" src=\"https:\/\/cliniquemec.com\/wp-content\/uploads\/2021\/02\/hair-removal-pigmented-skin-epilation-peau-pigmentee.jpg\" class=\"attachment-large size-large wp-image-1389\" alt=\"\u00c9pilation peau fonc\u00e9e et noire\" srcset=\"https:\/\/cliniquemec.com\/wp-content\/uploads\/2021\/02\/hair-removal-pigmented-skin-epilation-peau-pigmentee.jpg 550w, https:\/\/cliniquemec.com\/wp-content\/uploads\/2021\/02\/hair-removal-pigmented-skin-epilation-peau-pigmentee-300x164.jpg 300w, https:\/\/cliniquemec.com\/wp-content\/uploads\/2021\/02\/hair-removal-pigmented-skin-epilation-peau-pigmentee-183x100.jpg 183w, https:\/\/cliniquemec.com\/wp-content\/uploads\/2021\/02\/hair-removal-pigmented-skin-epilation-peau-pigmentee-146x80.jpg 146w, https:\/\/cliniquemec.com\/wp-content\/uploads\/2021\/02\/hair-removal-pigmented-skin-epilation-peau-pigmentee-394x216.jpg 394w, https:\/\/cliniquemec.com\/wp-content\/uploads\/2021\/02\/hair-removal-pigmented-skin-epilation-peau-pigmentee-150x82.jpg 150w\" sizes=\"(max-width: 550px) 100vw, 550px\" \/>\t\t\t\t\t\t\t\t\t\t\t\t\t\t\t<\/div>\n\t\t\t\t<div class=\"elementor-element elementor-element-5d9e1411 elementor-widget elementor-widget-text-editor\" data-id=\"5d9e1411\" data-element_type=\"widget\" data-e-type=\"widget\" data-widget_type=\"text-editor.default\">\n\t\t\t\t\t\t\t\t\t<p style=\"text-align: center;\"><strong>\u00c9PILATION LASER PEAUX FONC\u00c9ES LAVAL<\/strong><\/p><p>(Toutes les photos publi\u00e9es \u00e0 titre informatif uniquement afin de fournir des informations sur la proc\u00e9dure. Elles ne constituent pas une garantie de r\u00e9sultats. Les r\u00e9sultats peuvent varier d&rsquo;une personne \u00e0 l&rsquo;autre)<\/p>\t\t\t\t\t\t\t\t<\/div>\n\t\t\t\t<div class=\"elementor-element elementor-element-e9165ae elementor-widget elementor-widget-spacer\" data-id=\"e9165ae\" data-element_type=\"widget\" data-e-type=\"widget\" data-widget_type=\"spacer.default\">\n\t\t\t\t\t\t\t<div class=\"elementor-spacer\">\n\t\t\t<div class=\"elementor-spacer-inner\"><\/div>\n\t\t<\/div>\n\t\t\t\t\t\t<\/div>\n\t\t\t\t<div class=\"elementor-element elementor-element-19a2482e elementor-widget elementor-widget-heading\" data-id=\"19a2482e\" data-element_type=\"widget\" data-e-type=\"widget\" id=\"Pourquoi-la-technologie-Laser-Nd-YAG\" data-widget_type=\"heading.default\">\n\t\t\t\t\t<h4 class=\"elementor-heading-title elementor-size-default\">Pourquoi la technologie Laser Nd: YAG sup\u00e9rieure aux autres technologies laser pour traiter la peau fonc\u00e9e?<\/h4>\t\t\t\t<\/div>\n\t\t\t\t<div class=\"elementor-element elementor-element-3c427ff9 elementor-widget elementor-widget-text-editor\" data-id=\"3c427ff9\" data-element_type=\"widget\" data-e-type=\"widget\" data-widget_type=\"text-editor.default\">\n\t\t\t\t\t\t\t\t\t<p>Une solution aux probl\u00e8mes acn\u00e9, de poils incarn\u00e9s de la barbe, taches pigmentaires caus\u00e9es par le rasage et keloidienne de la nuque ou l\u2019\u00e9pilation \u00e0 la cire r\u00e9p\u00e9titive Si le type de laser choisi n\u2019est pas adapt\u00e9 ou adapt\u00e9 aux peaux fonc\u00e9es, le traitement ne sera pas efficace et il peut \u00e9galement br\u00fbler la peau.<\/p><p>Les personnes ayant une peau fonc\u00e9e souffrent souvent de poils incarn\u00e9s dans la zone de la barbe ou du cou. Chez les hommes, ces probl\u00e8mes peuvent \u00eatre trait\u00e9s efficacement avec l\u2019\u00e9pilation laser pour hommes, particuli\u00e8rement pour le dos et la barbe.<br \/><br \/>\u00c0 la Clinique M\u00e9dico Esth\u00e9tique Complexions \u00abnotre priorit\u00e9 est la s\u00e9curit\u00e9 de nos clients, c\u2019est pourquoi il n\u2019y a pas de compromis lorsqu\u2019il s\u2019agit de choisir la meilleure technologie pour l\u2019<a href=\"https:\/\/cliniquemec.com\/fr\/nouveau-et-sur-1-epilation-peau-foncee-laval-2\/\">\u00e9pilation laser peau fonc\u00e9e<\/a>.<\/p><p>Le laser <strong>Nd:Yag<\/strong> \u00e0 impulsion longue permet de contourner la pigmentation de surface de la peau fonc\u00e9e et de cibler efficacement la racine du poil sans ab\u00eemer ou brule la peau. Pour ces raisons, le laser Nd:Yag est la meilleur technologie de choix pour l\u2019\u00e9pilation laser sur les peaux fonc\u00e9es de phototypes IV, V et VI.<\/p>\t\t\t\t\t\t\t\t<\/div>\n\t\t\t\t<div class=\"elementor-element elementor-element-e0e66e8 elementor-widget elementor-widget-heading\" data-id=\"e0e66e8\" data-element_type=\"widget\" data-e-type=\"widget\" data-widget_type=\"heading.default\">\n\t\t\t\t\t<p class=\"elementor-heading-title elementor-size-default\">\u00c9PILATION LASER PEAUX FONC\u00c9ES LAVAL<\/p>\t\t\t\t<\/div>\n\t\t\t\t<div class=\"elementor-element elementor-element-5eef39d elementor-widget elementor-widget-spacer\" data-id=\"5eef39d\" data-element_type=\"widget\" data-e-type=\"widget\" data-widget_type=\"spacer.default\">\n\t\t\t\t\t\t\t<div class=\"elementor-spacer\">\n\t\t\t<div class=\"elementor-spacer-inner\"><\/div>\n\t\t<\/div>\n\t\t\t\t\t\t<\/div>\n\t\t\t\t<div class=\"elementor-element elementor-element-672937b4 elementor-widget elementor-widget-heading\" data-id=\"672937b4\" data-element_type=\"widget\" data-e-type=\"widget\" id=\"Combien-de-seances-sont-requises\" data-widget_type=\"heading.default\">\n\t\t\t\t\t<h4 class=\"elementor-heading-title elementor-size-default\">Comment se d\u00e9roule le traitement d\u2019\u00e9pilation au laser sur peau fonc\u00e9e? Combien de s\u00e9ances sont requises?\n<\/h4>\t\t\t\t<\/div>\n\t\t\t\t<div class=\"elementor-element elementor-element-b4f5440 elementor-widget elementor-widget-text-editor\" data-id=\"b4f5440\" data-element_type=\"widget\" data-e-type=\"widget\" data-widget_type=\"text-editor.default\">\n\t\t\t\t\t\t\t\t\t<p>\u00c0 notre clinique de Laval, Qu\u00e9bec au nord de l&rsquo;\u00eele de Montr\u00e9al, une s\u00e9ance dure de 15 \u00e0 30 minutes selon la taille et le nombre de zones \u00e0 traiter.<\/p><p>Pour des r\u00e9sultats optimaux, en moyenne entre 5 et 7 s\u00e9ances sont n\u00e9cessaires.<\/p>\t\t\t\t\t\t\t\t<\/div>\n\t\t\t\t<div class=\"elementor-element elementor-element-3efdb94 elementor-widget elementor-widget-spacer\" data-id=\"3efdb94\" data-element_type=\"widget\" data-e-type=\"widget\" data-widget_type=\"spacer.default\">\n\t\t\t\t\t\t\t<div class=\"elementor-spacer\">\n\t\t\t<div class=\"elementor-spacer-inner\"><\/div>\n\t\t<\/div>\n\t\t\t\t\t\t<\/div>\n\t\t\t\t<div class=\"elementor-element elementor-element-77676fbb elementor-widget elementor-widget-heading\" data-id=\"77676fbb\" data-element_type=\"widget\" data-e-type=\"widget\" id=\"Solution-aux-problemes-acne-de-poils-incarnes-de-la-barbe-tache-pigmentaires\" data-widget_type=\"heading.default\">\n\t\t\t\t\t<h5 class=\"elementor-heading-title elementor-size-default\">Une solution aux probl\u00e8mes acn\u00e9, de poils incarn\u00e9s de la barbe, taches pigmentaires caus\u00e9es par le rasage et keloidienne de la nuque ou l\u2019\u00e9pilation \u00e0 la cire r\u00e9p\u00e9titive\n<\/h5>\t\t\t\t<\/div>\n\t\t\t\t<div class=\"elementor-element elementor-element-3494cf72 elementor-widget elementor-widget-text-editor\" data-id=\"3494cf72\" data-element_type=\"widget\" data-e-type=\"widget\" data-widget_type=\"text-editor.default\">\n\t\t\t\t\t\t\t\t\t<p>\u00c0 cause de la nature fris\u00e9e ou cr\u00e9pue du poil chez certains clients noirs ou d\u2019origine moyen-orientales et m\u00e9diterran\u00e9enne, cicatrices, les poils incarn\u00e9s et taches pigmentaires associ\u00e9s au rasage peuvent devenir un probl\u00e8me majeur.<\/p>\t\t\t\t\t\t\t\t<\/div>\n\t\t\t\t<div class=\"elementor-element elementor-element-926df0b elementor-widget elementor-widget-text-editor\" data-id=\"926df0b\" data-element_type=\"widget\" data-e-type=\"widget\" data-widget_type=\"text-editor.default\">\n\t\t\t\t\t\t\t\t\t<h2><span style=\"color: #000000;\"><strong>Zones pouvant \u00eatre trait\u00e9es par \u00e9pilation laser<\/strong><\/span><\/h2><p>L\u2019\u00e9pilation laser peut \u00eatre utilis\u00e9e pour traiter diff\u00e9rentes zones du corps chez les femmes et les hommes.<\/p><p>Les traitements peuvent \u00eatre appliqu\u00e9s sur plusieurs zones du corps, notamment le visage, les aisselles, les jambes ou la zone du bikini. Pour plus d\u2019informations sur certaines zones sp\u00e9cifiques, consultez nos pages d\u00e9di\u00e9es \u00e0 l\u2019<a href=\"https:\/\/cliniquemec.com\/\/fr\/epilation-laser-visage\/\">\u00e9pilation laser du visage<\/a> ou \u00e0 l\u2019<a href=\"https:\/\/cliniquemec.com\/\/fr\/epilation-laser-bikini\/\">\u00e9pilation laser bikini<\/a>.<\/p><p><span style=\"color: #000000;\">Les zones les plus souvent trait\u00e9es comprennent :<\/span><\/p><p><span style=\"color: #000000;\">\u2022 visage <\/span><br \/><span style=\"color: #000000;\">\u2022 aisselles <\/span><br \/><span style=\"color: #000000;\">\u2022 bikini <\/span><br \/><span style=\"color: #000000;\">\u2022 jambes <\/span><br \/><span style=\"color: #000000;\">\u2022 bras <\/span><br \/><span style=\"color: #000000;\">\u2022 poitrine <\/span><br \/><span style=\"color: #000000;\">\u2022 dos<\/span><\/p><p>L\u2019\u00e9pilation laser peut \u00eatre utilis\u00e9e pour traiter diff\u00e9rentes zones du corps, incluant le visage, le bikini et le dos. Pour des informations plus d\u00e9taill\u00e9es sur certaines zones sp\u00e9cifiques, consultez \u00e9galement :<\/p><p>\u2014 <a href=\"https:\/\/cliniquemec.com\/\/fr\/epilation-laser-visage\/\">\u00c9pilation laser du visage<\/a><\/p><p>\u2014 <a href=\"https:\/\/cliniquemec.com\/\/fr\/epilation-laser-bikini\/\">\u00c9pilation laser bikini<\/a><\/p><p>\u2014 <a href=\"https:\/\/cliniquemec.com\/fr\/epilation-laser-du-dos-pour-hommes\/\">\u00c9pilation laser du dos pour hommes<\/a><\/p>\t\t\t\t\t\t\t\t<\/div>\n\t\t\t\t<div class=\"elementor-element elementor-element-02cdcde elementor-widget elementor-widget-spacer\" data-id=\"02cdcde\" data-element_type=\"widget\" data-e-type=\"widget\" data-widget_type=\"spacer.default\">\n\t\t\t\t\t\t\t<div class=\"elementor-spacer\">\n\t\t\t<div class=\"elementor-spacer-inner\"><\/div>\n\t\t<\/div>\n\t\t\t\t\t\t<\/div>\n\t\t\t\t<div class=\"elementor-element elementor-element-7c465b54 elementor-widget elementor-widget-text-editor\" data-id=\"7c465b54\" data-element_type=\"widget\" data-e-type=\"widget\" id=\"Problemes-de-couleur-de-peau-et-de-cicatrice\" data-widget_type=\"text-editor.default\">\n\t\t\t\t\t\t\t\t\t<h4><strong>Probl\u00e8mes de couleur de peau et de cicatrice?<\/strong><\/h4>\n<p><em>L\u2019\u00e9pilation peau fonc\u00e9e et noire<\/em> au laser Nd:Yag pour peau fonc\u00e9 repr\u00e9sente une solution efficace et d\u00e9finitive pour ces probl\u00e8mes.<\/p>\n<p>La technologie Nd:Yag s\u2019ajoute aux autres technologies laser, soins de la peau sp\u00e9cialis\u00e9s pour la peau fonc\u00e9e et peeling qui vous sont offerts par l\u2019\u00e9quipe professionnelle de la Clinique M\u00e9dico Esth\u00e9tique Complexions.<\/p>\n\t\t\t\t\t\t\t\t<\/div>\n\t\t\t\t<div class=\"elementor-element elementor-element-950a143 elementor-widget elementor-widget-heading\" data-id=\"950a143\" data-element_type=\"widget\" data-e-type=\"widget\" data-widget_type=\"heading.default\">\n\t\t\t\t\t<p class=\"elementor-heading-title elementor-size-default\">\u00c9PILATION LASER PEAUX FONC\u00c9ES LAVAL<\/p>\t\t\t\t<\/div>\n\t\t\t\t<div class=\"elementor-element elementor-element-42f6787 elementor-widget elementor-widget-spacer\" data-id=\"42f6787\" data-element_type=\"widget\" data-e-type=\"widget\" data-widget_type=\"spacer.default\">\n\t\t\t\t\t\t\t<div class=\"elementor-spacer\">\n\t\t\t<div class=\"elementor-spacer-inner\"><\/div>\n\t\t<\/div>\n\t\t\t\t\t\t<\/div>\n\t\t\t\t<div class=\"elementor-element elementor-element-0a51fd2 elementor-widget elementor-widget-heading\" data-id=\"0a51fd2\" data-element_type=\"widget\" data-e-type=\"widget\" data-widget_type=\"heading.default\">\n\t\t\t\t\t<h4 class=\"elementor-heading-title elementor-size-default\">Combien de temps faut-il \u00e0 la pigmentation pour s'estomper apr\u00e8s le laser?<\/h4>\t\t\t\t<\/div>\n\t\t\t\t<div class=\"elementor-element elementor-element-3c872cf elementor-widget elementor-widget-text-editor\" data-id=\"3c872cf\" data-element_type=\"widget\" data-e-type=\"widget\" data-widget_type=\"text-editor.default\">\n\t\t\t\t\t\t\t\t\t<div id=\"_0YZHYNyxCcym_QbPvoLgCg10\" class=\"mWyH1d FXMOpb\" tabindex=\"0\" role=\"button\" aria-controls=\"_0YZHYNyxCcym_QbPvoLgCg9\" aria-expanded=\"true\"><div class=\"hide-focus-ring cbphWd\" data-kt=\"KjGqgtaAson65rEBgLfdxIyx-e-5AZ6ou8zkgp69ywG016OIgpTjzsAB-Mntw9Cmru96\" data-hveid=\"CAsQBQ\" data-ved=\"2ahUKEwic3pPHtqPvAhVMU98KHU-fAKwQuk4oAHoECAsQBQ\">4-6 semaines<\/div><\/div><div id=\"_0YZHYNyxCcym_QbPvoLgCg9\" class=\"gy6Qzb oNjtBb V1sL5c\" aria-labelledby=\"_0YZHYNyxCcym_QbPvoLgCg10\"><div class=\"y8URue\" data-hveid=\"CAsQBg\" data-ved=\"2ahUKEwic3pPHtqPvAhVMU98KHU-fAKwQu04oAXoECAsQBg\"><div class=\"wDYxhc NFQFxe viOShc LKPcQc\" data-md=\"25\"><div class=\"HwtpBd gsrt PZPZlf kTOYnf\" role=\"heading\" aria-level=\"3\" data-hveid=\"CAkQAA\" data-ved=\"2ahUKEwic3pPHtqPvAhVMU98KHU-fAKwQtwcoADACegQICRAA\"><div class=\"yxAsKe\">\u00a0<\/div><\/div><\/div><div class=\"VWE0hc\"><div class=\"wDYxhc\" data-md=\"61\"><div class=\"LGOjhe\" role=\"heading\" data-attrid=\"wa:\/description\" aria-level=\"3\" data-hveid=\"CAYQAA\"><span class=\"ILfuVd NA6bn\"><span class=\"hgKElc\">L&rsquo;\u00e9limination de la pigmentation au laser fonctionne en \u00e9liminant les pigments \u00e0 la surface de votre peau \u00e0 travers le syst\u00e8me lymphatique de votre corps. Votre pigmentation peut s&rsquo;\u00e9claircir, s&rsquo;assombrir, s&rsquo;estomper ou m\u00eame sembler n&rsquo;avoir aucun changement imm\u00e9diatement apr\u00e8s le traitement d&rsquo;\u00e9pilation au laser. En moyenne, il faut g\u00e9n\u00e9ralement <b>4 \u00e0 6 semaines<\/b> \u00e0 votre corps pour traiter le pigment.<\/span><\/span><\/div><\/div><\/div><\/div><\/div>\t\t\t\t\t\t\t\t<\/div>\n\t\t\t\t<div class=\"elementor-element elementor-element-f3b2b6e elementor-widget elementor-widget-text-editor\" data-id=\"f3b2b6e\" data-element_type=\"widget\" data-e-type=\"widget\" data-widget_type=\"text-editor.default\">\n\t\t\t\t\t\t\t\t\t<h2><strong><span style=\"color: #000000;\">\u00c9pilation laser pour peaux fonc\u00e9es \u00e0 Laval<\/span><\/strong><\/h2><p>Notre clinique situ\u00e9e \u00e0 Laval offre des traitements d\u2019\u00e9pilation laser adapt\u00e9s aux diff\u00e9rents phototypes de peau.<\/p><p><span style=\"color: #000000;\"><strong>Nous recevons des patients provenant de :<\/strong><\/span><\/p><p><span style=\"color: #000000;\">\u2022 Laval<\/span><br \/><span style=\"color: #000000;\">\u2022 Montr\u00e9al<\/span><br \/><span style=\"color: #000000;\">\u2022 Chomedey<\/span><br \/><span style=\"color: #000000;\">\u2022 Sainte-Doroth\u00e9e<\/span><br \/><span style=\"color: #000000;\">\u2022 la Rive-Nord<\/span><\/p><p>Une consultation permet d\u2019\u00e9valuer votre type de peau et de d\u00e9terminer le protocole de traitement le plus appropri\u00e9.<\/p><p>Les hommes qui souhaitent traiter les poils du dos peuvent \u00e9galement consulter notre page d\u00e9di\u00e9e \u00e0 l\u2019<a href=\"https:\/\/cliniquemec.com\/fr\/epilation-laser-du-dos-pour-hommes\/\">\u00e9pilation laser du dos pour hommes<\/a> \u00e0 Laval, une zone souvent trait\u00e9e dans notre clinique.<\/p>\t\t\t\t\t\t\t\t<\/div>\n\t\t\t\t<div class=\"elementor-element elementor-element-89f1ede elementor-widget elementor-widget-text-editor\" data-id=\"89f1ede\" data-element_type=\"widget\" data-e-type=\"widget\" data-widget_type=\"text-editor.default\">\n\t\t\t\t\t\t\t\t\t<div id=\"_0YZHYNyxCcym_QbPvoLgCg10\" class=\"mWyH1d FXMOpb\" style=\"text-align: center;\" tabindex=\"0\" role=\"button\" aria-controls=\"_0YZHYNyxCcym_QbPvoLgCg9\" aria-expanded=\"true\">\u00c9PILATION LASER PEAUX FONC\u00c9ES LAVAL<\/div>\t\t\t\t\t\t\t\t<\/div>\n\t\t\t\t<div class=\"elementor-element elementor-element-c1559ca elementor-widget elementor-widget-spacer\" data-id=\"c1559ca\" data-element_type=\"widget\" data-e-type=\"widget\" data-widget_type=\"spacer.default\">\n\t\t\t\t\t\t\t<div class=\"elementor-spacer\">\n\t\t\t<div class=\"elementor-spacer-inner\"><\/div>\n\t\t<\/div>\n\t\t\t\t\t\t<\/div>\n\t\t\t\t<div class=\"elementor-element elementor-element-aa84b15 elementor-widget elementor-widget-spacer\" data-id=\"aa84b15\" data-element_type=\"widget\" data-e-type=\"widget\" data-widget_type=\"spacer.default\">\n\t\t\t\t\t\t\t<div class=\"elementor-spacer\">\n\t\t\t<div class=\"elementor-spacer-inner\"><\/div>\n\t\t<\/div>\n\t\t\t\t\t\t<\/div>\n\t\t\t\t<div class=\"elementor-element elementor-element-1ac462f elementor-widget elementor-widget-spacer\" data-id=\"1ac462f\" data-element_type=\"widget\" data-e-type=\"widget\" data-widget_type=\"spacer.default\">\n\t\t\t\t\t\t\t<div class=\"elementor-spacer\">\n\t\t\t<div class=\"elementor-spacer-inner\"><\/div>\n\t\t<\/div>\n\t\t\t\t\t\t<\/div>\n\t\t\t\t<div class=\"elementor-element elementor-element-fa97d14 elementor-widget elementor-widget-heading\" data-id=\"fa97d14\" data-element_type=\"widget\" data-e-type=\"widget\" data-widget_type=\"heading.default\">\n\t\t\t\t\t<h4 class=\"elementor-heading-title elementor-size-default\">Choses \u00e0 \u00e9viter apr\u00e8s l'\u00e9pilation au laser:<\/h4>\t\t\t\t<\/div>\n\t\t\t\t<div class=\"elementor-element elementor-element-4a0132e3 elementor-widget elementor-widget-heading\" data-id=\"4a0132e3\" data-element_type=\"widget\" data-e-type=\"widget\" data-widget_type=\"heading.default\">\n\t\t\t\t\t<h2 class=\"elementor-heading-title elementor-size-default\">Quelle \u00e9pilation au laser pour peau fonc\u00e9e Technologie Laval utilisez-vous?<\/h2>\t\t\t\t<\/div>\n\t\t\t\t<section class=\"elementor-section elementor-inner-section elementor-element elementor-element-41efcd7c elementor-section-boxed elementor-section-height-default elementor-section-height-default\" data-id=\"41efcd7c\" data-element_type=\"section\" data-e-type=\"section\" id=\"Quelle-technologie-laser-pour-peau-foncee-utilisez-vous\">\n\t\t\t\t\t\t<div class=\"elementor-container elementor-column-gap-default\">\n\t\t\t\t\t<div class=\"elementor-column elementor-col-50 elementor-inner-column elementor-element elementor-element-b9f70df\" data-id=\"b9f70df\" data-element_type=\"column\" data-e-type=\"column\">\n\t\t\t<div class=\"elementor-widget-wrap elementor-element-populated\">\n\t\t\t\t\t\t<div class=\"elementor-element elementor-element-286ef79a elementor-widget elementor-widget-text-editor\" data-id=\"286ef79a\" data-element_type=\"widget\" data-e-type=\"widget\" data-widget_type=\"text-editor.default\">\n\t\t\t\t\t\t\t\t\t<p>Chez Clinique M\u00e9dico Esth\u00e9tique Complexions, nous utilisons le <a href=\"https:\/\/inmodemd.com\/technologies\/tritonduodark\/\" target=\"_blank\" rel=\"noopener nofollow\"><strong>Triton Duo Dark<\/strong><\/a> pour <span style=\"text-decoration: underline;\">l\u2019\u00e9pilation peaux fonc\u00e9es Laval<\/span> et bronz\u00e9e. \u00c9pilation peau fonc\u00e9e technologie peut \u00eatre personnalis\u00e9 en fonction de chacun, garantissant la s\u00e9curit\u00e9 et le confort du patient lors de l\u2019\u00e9pilation pour peau fonc\u00e9e et noir au laser.<\/p><p><strong>Triton DuoDark<\/strong> aide les pratiques \u00e0 maximiser les r\u00e9sultats sur les peaux plus fonc\u00e9es, jusqu\u2019au type de peau VI, sans perdre en efficacit\u00e9. Cela peut \u00e9largir la base de patients potentiels pour aider les patients qui, autrement, se retrouveraient sans solution d\u2019\u00e9pilation.<\/p>\t\t\t\t\t\t\t\t<\/div>\n\t\t\t\t\t<\/div>\n\t\t<\/div>\n\t\t\t\t<div class=\"elementor-column elementor-col-50 elementor-inner-column elementor-element elementor-element-49b982e\" data-id=\"49b982e\" data-element_type=\"column\" data-e-type=\"column\">\n\t\t\t<div class=\"elementor-widget-wrap elementor-element-populated\">\n\t\t\t\t\t\t<div class=\"elementor-element elementor-element-75986555 elementor-widget elementor-widget-image\" data-id=\"75986555\" data-element_type=\"widget\" data-e-type=\"widget\" data-widget_type=\"image.default\">\n\t\t\t\t\t\t\t\t\t\t\t\t\t\t\t<img data-rjs=\"2\" decoding=\"async\" src=\"https:\/\/cliniquemec.com\/wp-content\/uploads\/2021\/02\/technology-triton-duo-dark-2.png\" title=\"\" alt=\"technologie triton duo dark\" loading=\"lazy\" \/>\t\t\t\t\t\t\t\t\t\t\t\t\t\t\t<\/div>\n\t\t\t\t\t<\/div>\n\t\t<\/div>\n\t\t\t\t\t<\/div>\n\t\t<\/section>\n\t\t\t\t<div class=\"elementor-element elementor-element-fd9c85e elementor-widget elementor-widget-text-editor\" data-id=\"fd9c85e\" data-element_type=\"widget\" data-e-type=\"widget\" data-widget_type=\"text-editor.default\">\n\t\t\t\t\t\t\t\t\t<h2><strong><span style=\"color: #000000;\">Questions fr\u00e9quentes sur l\u2019\u00e9pilation laser des peaux fonc\u00e9es<\/span><\/strong><\/h2><h3>\u00a0<br \/><span style=\"color: #000000;\">L\u2019\u00e9pilation laser est-elle s\u00e9curitaire pour les peaux fonc\u00e9es ?<\/span><\/h3><p>Oui. Les technologies modernes comme le laser Nd:YAG permettent de traiter les peaux riches en m\u00e9lanine tout en prot\u00e9geant la peau.<\/p><h3><span style=\"color: #000000;\">Combien de s\u00e9ances sont n\u00e9cessaires ?<\/span><\/h3><p>La plupart des patients n\u00e9cessitent plusieurs s\u00e9ances car les poils poussent selon diff\u00e9rents cycles.<\/p><h3><span style=\"color: #000000;\">Peut-on traiter les poils incarn\u00e9s avec le laser ?<\/span><\/h3><p>Oui. L\u2019\u00e9pilation laser peut aider \u00e0 r\u00e9duire les poils incarn\u00e9s en diminuant la repousse.<\/p><h3><span style=\"color: #000000;\">Le traitement est-il douloureux ?<\/span><\/h3><p>La sensation varie selon la zone trait\u00e9e, mais les technologies modernes incluent des syst\u00e8mes de refroidissement pour am\u00e9liorer le confort.<\/p>\t\t\t\t\t\t\t\t<\/div>\n\t\t\t\t<div class=\"elementor-element elementor-element-4c2f6b2 elementor-widget elementor-widget-text-editor\" data-id=\"4c2f6b2\" data-element_type=\"widget\" data-e-type=\"widget\" data-widget_type=\"text-editor.default\">\n\t\t\t\t\t\t\t\t\t<h2><span style=\"color: #000000;\"><strong>Autres traitements d\u2019\u00e9pilation laser \u00e0 Laval<\/strong><\/span><\/h2><p data-start=\"444\" data-end=\"525\">\u2022 <a href=\"https:\/\/cliniquemec.com\/fr\/epilation-laser-laval\/\"><strong data-start=\"446\" data-end=\"473\">\u00c9pilation laser \u00e0 Laval<\/strong><\/a><\/p><p data-start=\"527\" data-end=\"611\">\u2022\u00a0<a href=\"https:\/\/cliniquemec.com\/fr\/epilation-laser-pour-hommes\"><strong data-start=\"529\" data-end=\"560\">\u00c9pilation laser pour hommes<\/strong><\/a><\/p><p data-start=\"613\" data-end=\"695\">\u2022 <a href=\"https:\/\/cliniquemec.com\/fr\/fr\/epilation-laser-visage\/\"><strong data-start=\"615\" data-end=\"644\">\u00c9pilation laser du visage<\/strong><\/a><\/p><p data-start=\"697\" data-end=\"778\">\u2022 <a href=\"https:\/\/cliniquemec.com\/fr\/fr\/epilation-laser-bikini\/\"><strong data-start=\"699\" data-end=\"725\">\u00c9pilation laser bikini<\/strong><\/a><\/p><p data-start=\"780\" data-end=\"882\">\u2022 <a href=\"https:\/\/cliniquemec.com\/fr\/epilation-laser-du-dos-pour-hommes\/\"><strong data-start=\"782\" data-end=\"820\">\u00c9pilation laser du dos pour hommes<\/strong><\/a><\/p>\t\t\t\t\t\t\t\t<\/div>\n\t\t\t\t<div class=\"elementor-element elementor-element-36023e9a elementor-widget elementor-widget-spacer\" data-id=\"36023e9a\" data-element_type=\"widget\" data-e-type=\"widget\" data-widget_type=\"spacer.default\">\n\t\t\t\t\t\t\t<div class=\"elementor-spacer\">\n\t\t\t<div class=\"elementor-spacer-inner\"><\/div>\n\t\t<\/div>\n\t\t\t\t\t\t<\/div>\n\t\t\t\t<section class=\"elementor-section elementor-inner-section elementor-element elementor-element-6dcfa03e elementor-section-boxed elementor-section-height-default elementor-section-height-default\" data-id=\"6dcfa03e\" data-element_type=\"section\" data-e-type=\"section\" data-settings=\"{&quot;background_background&quot;:&quot;classic&quot;}\">\n\t\t\t\t\t\t<div class=\"elementor-container elementor-column-gap-default\">\n\t\t\t\t\t<div class=\"elementor-column elementor-col-50 elementor-inner-column elementor-element elementor-element-77a1a70f\" data-id=\"77a1a70f\" data-element_type=\"column\" data-e-type=\"column\">\n\t\t\t<div class=\"elementor-widget-wrap elementor-element-populated\">\n\t\t\t\t\t\t<div class=\"elementor-element elementor-element-f518c81 elementor-widget elementor-widget-heading\" data-id=\"f518c81\" data-element_type=\"widget\" data-e-type=\"widget\" data-widget_type=\"heading.default\">\n\t\t\t\t\t<h2 class=\"elementor-heading-title elementor-size-default\">CONSULTATION - \u00c9PILATION LASER PEAUX FONC\u00c9ES LAVAL<\/h2>\t\t\t\t<\/div>\n\t\t\t\t<div class=\"elementor-element elementor-element-52bee7f0 elementor-widget elementor-widget-text-editor\" data-id=\"52bee7f0\" data-element_type=\"widget\" data-e-type=\"widget\" data-widget_type=\"text-editor.default\">\n\t\t\t\t\t\t\t\t\t<p>Pour obtenir une \u00e9valuation, r\u00e9servez une consultation gratuite ou contactez-nous au <span style=\"color: #ff00ff;\"><a style=\"color: #ec65a5;\" href=\"http:\/\/+1-514-651-2632\" rel=\"nofollow\"><strong>(514) 651-CMEC (2632)<\/strong><\/a><\/span><\/p>\t\t\t\t\t\t\t\t<\/div>\n\t\t\t\t\t<\/div>\n\t\t<\/div>\n\t\t\t\t<div class=\"elementor-column elementor-col-50 elementor-inner-column elementor-element elementor-element-57828b2b\" data-id=\"57828b2b\" data-element_type=\"column\" data-e-type=\"column\">\n\t\t\t<div class=\"elementor-widget-wrap elementor-element-populated\">\n\t\t\t\t\t\t<div class=\"elementor-element elementor-element-6fcb3ae6 elementor-button-info elementor-align-center elementor-widget elementor-widget-button\" data-id=\"6fcb3ae6\" data-element_type=\"widget\" data-e-type=\"widget\" data-widget_type=\"button.default\">\n\t\t\t\t\t\t\t\t\t\t<a class=\"elementor-button elementor-button-link elementor-size-xs\" href=\"https:\/\/cliniquemec.com\/fr\/#rendez-vous\">\n\t\t\t\t\t\t<span class=\"elementor-button-content-wrapper\">\n\t\t\t\t\t\t\t\t\t<span class=\"elementor-button-text\">R\u00e9servez votre rendez-vous GRATUIT<\/span>\n\t\t\t\t\t<\/span>\n\t\t\t\t\t<\/a>\n\t\t\t\t\t\t\t\t<\/div>\n\t\t\t\t\t<\/div>\n\t\t<\/div>\n\t\t\t\t\t<\/div>\n\t\t<\/section>\n\t\t\t\t<div class=\"elementor-element elementor-element-20cc6e9c elementor-widget elementor-widget-spacer\" data-id=\"20cc6e9c\" data-element_type=\"widget\" data-e-type=\"widget\" data-widget_type=\"spacer.default\">\n\t\t\t\t\t\t\t<div class=\"elementor-spacer\">\n\t\t\t<div class=\"elementor-spacer-inner\"><\/div>\n\t\t<\/div>\n\t\t\t\t\t\t<\/div>\n\t\t\t\t<div class=\"elementor-element elementor-element-1c00dd42 elementor-share-buttons--view-text elementor-share-buttons--shape-rounded elementor-share-buttons--align-center elementor-share-buttons--skin-gradient elementor-grid-0 elementor-share-buttons--color-official elementor-widget elementor-widget-share-buttons\" data-id=\"1c00dd42\" data-element_type=\"widget\" data-e-type=\"widget\" data-widget_type=\"share-buttons.default\">\n\t\t\t\t\t\t\t<div class=\"elementor-grid\" role=\"list\">\n\t\t\t\t\t\t\t\t<div class=\"elementor-grid-item\" role=\"listitem\">\n\t\t\t\t\t\t<div class=\"elementor-share-btn elementor-share-btn_facebook\" role=\"button\" tabindex=\"0\" aria-label=\"Partager sur facebook\">\n\t\t\t\t\t\t\t\t\t\t\t\t\t\t\t\t\t\t\t\t\t\t<div class=\"elementor-share-btn__text\">\n\t\t\t\t\t\t\t\t\t\t\t\t\t\t\t\t\t\t\t<span class=\"elementor-share-btn__title\">\n\t\t\t\t\t\t\t\t\t\tFacebook\t\t\t\t\t\t\t\t\t<\/span>\n\t\t\t\t\t\t\t\t\t\t\t\t\t\t\t\t\t<\/div>\n\t\t\t\t\t\t\t\t\t\t\t\t\t<\/div>\n\t\t\t\t\t<\/div>\n\t\t\t\t\t\t\t\t\t<div class=\"elementor-grid-item\" role=\"listitem\">\n\t\t\t\t\t\t<div class=\"elementor-share-btn elementor-share-btn_twitter\" role=\"button\" tabindex=\"0\" aria-label=\"Partager sur twitter\">\n\t\t\t\t\t\t\t\t\t\t\t\t\t\t\t\t\t\t\t\t\t\t<div class=\"elementor-share-btn__text\">\n\t\t\t\t\t\t\t\t\t\t\t\t\t\t\t\t\t\t\t<span class=\"elementor-share-btn__title\">\n\t\t\t\t\t\t\t\t\t\tTwitter\t\t\t\t\t\t\t\t\t<\/span>\n\t\t\t\t\t\t\t\t\t\t\t\t\t\t\t\t\t<\/div>\n\t\t\t\t\t\t\t\t\t\t\t\t\t<\/div>\n\t\t\t\t\t<\/div>\n\t\t\t\t\t\t\t\t\t<div class=\"elementor-grid-item\" role=\"listitem\">\n\t\t\t\t\t\t<div class=\"elementor-share-btn elementor-share-btn_linkedin\" role=\"button\" tabindex=\"0\" aria-label=\"Partager sur linkedin\">\n\t\t\t\t\t\t\t\t\t\t\t\t\t\t\t\t\t\t\t\t\t\t<div class=\"elementor-share-btn__text\">\n\t\t\t\t\t\t\t\t\t\t\t\t\t\t\t\t\t\t\t<span class=\"elementor-share-btn__title\">\n\t\t\t\t\t\t\t\t\t\tLinkedIn\t\t\t\t\t\t\t\t\t<\/span>\n\t\t\t\t\t\t\t\t\t\t\t\t\t\t\t\t\t<\/div>\n\t\t\t\t\t\t\t\t\t\t\t\t\t<\/div>\n\t\t\t\t\t<\/div>\n\t\t\t\t\t\t\t\t\t<div class=\"elementor-grid-item\" role=\"listitem\">\n\t\t\t\t\t\t<div class=\"elementor-share-btn elementor-share-btn_email\" role=\"button\" tabindex=\"0\" aria-label=\"Partager sur email\">\n\t\t\t\t\t\t\t\t\t\t\t\t\t\t\t\t\t\t\t\t\t\t<div class=\"elementor-share-btn__text\">\n\t\t\t\t\t\t\t\t\t\t\t\t\t\t\t\t\t\t\t<span class=\"elementor-share-btn__title\">\n\t\t\t\t\t\t\t\t\t\tEmail\t\t\t\t\t\t\t\t\t<\/span>\n\t\t\t\t\t\t\t\t\t\t\t\t\t\t\t\t\t<\/div>\n\t\t\t\t\t\t\t\t\t\t\t\t\t<\/div>\n\t\t\t\t\t<\/div>\n\t\t\t\t\t\t\t\t\t<div class=\"elementor-grid-item\" role=\"listitem\">\n\t\t\t\t\t\t<div class=\"elementor-share-btn elementor-share-btn_pinterest\" role=\"button\" tabindex=\"0\" aria-label=\"Partager sur pinterest\">\n\t\t\t\t\t\t\t\t\t\t\t\t\t\t\t\t\t\t\t\t\t\t<div class=\"elementor-share-btn__text\">\n\t\t\t\t\t\t\t\t\t\t\t\t\t\t\t\t\t\t\t<span class=\"elementor-share-btn__title\">\n\t\t\t\t\t\t\t\t\t\tPinterest\t\t\t\t\t\t\t\t\t<\/span>\n\t\t\t\t\t\t\t\t\t\t\t\t\t\t\t\t\t<\/div>\n\t\t\t\t\t\t\t\t\t\t\t\t\t<\/div>\n\t\t\t\t\t<\/div>\n\t\t\t\t\t\t\t\t\t<div class=\"elementor-grid-item\" role=\"listitem\">\n\t\t\t\t\t\t<div class=\"elementor-share-btn elementor-share-btn_whatsapp\" role=\"button\" tabindex=\"0\" aria-label=\"Partager sur whatsapp\">\n\t\t\t\t\t\t\t\t\t\t\t\t\t\t\t\t\t\t\t\t\t\t<div class=\"elementor-share-btn__text\">\n\t\t\t\t\t\t\t\t\t\t\t\t\t\t\t\t\t\t\t<span class=\"elementor-share-btn__title\">\n\t\t\t\t\t\t\t\t\t\tWhatsApp\t\t\t\t\t\t\t\t\t<\/span>\n\t\t\t\t\t\t\t\t\t\t\t\t\t\t\t\t\t<\/div>\n\t\t\t\t\t\t\t\t\t\t\t\t\t<\/div>\n\t\t\t\t\t<\/div>\n\t\t\t\t\t\t\t\t\t<div class=\"elementor-grid-item\" role=\"listitem\">\n\t\t\t\t\t\t<div class=\"elementor-share-btn elementor-share-btn_digg\" role=\"button\" tabindex=\"0\" aria-label=\"Partager sur digg\">\n\t\t\t\t\t\t\t\t\t\t\t\t\t\t\t\t\t\t\t\t\t\t<div class=\"elementor-share-btn__text\">\n\t\t\t\t\t\t\t\t\t\t\t\t\t\t\t\t\t\t\t<span class=\"elementor-share-btn__title\">\n\t\t\t\t\t\t\t\t\t\tDigg\t\t\t\t\t\t\t\t\t<\/span>\n\t\t\t\t\t\t\t\t\t\t\t\t\t\t\t\t\t<\/div>\n\t\t\t\t\t\t\t\t\t\t\t\t\t<\/div>\n\t\t\t\t\t<\/div>\n\t\t\t\t\t\t<\/div>\n\t\t\t\t\t\t<\/div>\n\t\t\t\t<div class=\"elementor-element elementor-element-0f30957 elementor-widget elementor-widget-spacer\" data-id=\"0f30957\" data-element_type=\"widget\" data-e-type=\"widget\" data-widget_type=\"spacer.default\">\n\t\t\t\t\t\t\t<div class=\"elementor-spacer\">\n\t\t\t<div class=\"elementor-spacer-inner\"><\/div>\n\t\t<\/div>\n\t\t\t\t\t\t<\/div>\n\t\t\t\t\t<\/div>\n\t\t<\/div>\n\t\t\t\t<div class=\"elementor-column elementor-col-33 elementor-top-column elementor-element elementor-element-68e79d53\" data-id=\"68e79d53\" data-element_type=\"column\" data-e-type=\"column\">\n\t\t\t<div class=\"elementor-widget-wrap elementor-element-populated\">\n\t\t\t\t\t\t<div class=\"elementor-element elementor-element-e445a08 elementor-toc--minimized-on-tablet elementor-widget elementor-widget-table-of-contents\" data-id=\"e445a08\" data-element_type=\"widget\" data-e-type=\"widget\" data-settings=\"{&quot;exclude_headings_by_selector&quot;:[],&quot;no_headings_message&quot;:&quot;No headings were found on this page.&quot;,&quot;headings_by_tags&quot;:[&quot;h2&quot;,&quot;h3&quot;,&quot;h4&quot;,&quot;h5&quot;,&quot;h6&quot;],&quot;marker_view&quot;:&quot;numbers&quot;,&quot;minimize_box&quot;:&quot;yes&quot;,&quot;minimized_on&quot;:&quot;tablet&quot;,&quot;hierarchical_view&quot;:&quot;yes&quot;,&quot;min_height&quot;:{&quot;unit&quot;:&quot;px&quot;,&quot;size&quot;:&quot;&quot;,&quot;sizes&quot;:[]},&quot;min_height_tablet&quot;:{&quot;unit&quot;:&quot;px&quot;,&quot;size&quot;:&quot;&quot;,&quot;sizes&quot;:[]},&quot;min_height_mobile&quot;:{&quot;unit&quot;:&quot;px&quot;,&quot;size&quot;:&quot;&quot;,&quot;sizes&quot;:[]}}\" data-widget_type=\"table-of-contents.default\">\n\t\t\t\t\t\t\t<div class=\"elementor-toc__header\">\n\t\t\t<h4 class=\"elementor-toc__header-title\">\n\t\t\t\tTable des Mati\u00e8res\t\t\t<\/h4>\n\t\t\t\t\t\t\t<div class=\"elementor-toc__toggle-button elementor-toc__toggle-button--expand\" role=\"button\" tabindex=\"0\" aria-controls=\"elementor-toc__e445a08\" aria-expanded=\"true\" aria-label=\"Ouvrir la table des mati\u00e8res\"><svg aria-hidden=\"true\" class=\"e-font-icon-svg e-fas-chevron-down\" viewBox=\"0 0 448 512\" xmlns=\"http:\/\/www.w3.org\/2000\/svg\"><path d=\"M207.029 381.476L12.686 187.132c-9.373-9.373-9.373-24.569 0-33.941l22.667-22.667c9.357-9.357 24.522-9.375 33.901-.04L224 284.505l154.745-154.021c9.379-9.335 24.544-9.317 33.901.04l22.667 22.667c9.373 9.373 9.373 24.569 0 33.941L240.971 381.476c-9.373 9.372-24.569 9.372-33.942 0z\"><\/path><\/svg><\/div>\n\t\t\t\t<div class=\"elementor-toc__toggle-button elementor-toc__toggle-button--collapse\" role=\"button\" tabindex=\"0\" aria-controls=\"elementor-toc__e445a08\" aria-expanded=\"true\" aria-label=\"Fermer la table des mati\u00e8res\"><svg aria-hidden=\"true\" class=\"e-font-icon-svg e-fas-chevron-up\" viewBox=\"0 0 448 512\" xmlns=\"http:\/\/www.w3.org\/2000\/svg\"><path d=\"M240.971 130.524l194.343 194.343c9.373 9.373 9.373 24.569 0 33.941l-22.667 22.667c-9.357 9.357-24.522 9.375-33.901.04L224 227.495 69.255 381.516c-9.379 9.335-24.544 9.317-33.901-.04l-22.667-22.667c-9.373-9.373-9.373-24.569 0-33.941L207.03 130.525c9.372-9.373 24.568-9.373 33.941-.001z\"><\/path><\/svg><\/div>\n\t\t\t\t\t<\/div>\n\t\t<div id=\"elementor-toc__e445a08\" class=\"elementor-toc__body\">\n\t\t\t<div class=\"elementor-toc__spinner-container\">\n\t\t\t\t<svg class=\"elementor-toc__spinner eicon-animation-spin e-font-icon-svg e-eicon-loading\" aria-hidden=\"true\" viewBox=\"0 0 1000 1000\" xmlns=\"http:\/\/www.w3.org\/2000\/svg\"><path d=\"M500 975V858C696 858 858 696 858 500S696 142 500 142 142 304 142 500H25C25 237 238 25 500 25S975 237 975 500 763 975 500 975Z\"><\/path><\/svg>\t\t\t<\/div>\n\t\t<\/div>\n\t\t\t\t\t\t<\/div>\n\t\t\t\t<div class=\"elementor-element elementor-element-02b9537 elementor-arrows-yes elementor-pagination-type-bullets elementor-review--has-separator elementor--star-style-star_fontawesome elementor-widget elementor-widget-reviews\" data-id=\"02b9537\" data-element_type=\"widget\" data-e-type=\"widget\" data-settings=\"{&quot;slides_per_view&quot;:&quot;1&quot;,&quot;slides_to_scroll&quot;:&quot;1&quot;,&quot;show_arrows&quot;:&quot;yes&quot;,&quot;pagination&quot;:&quot;bullets&quot;,&quot;speed&quot;:500,&quot;autoplay&quot;:&quot;yes&quot;,&quot;autoplay_speed&quot;:5000,&quot;loop&quot;:&quot;yes&quot;,&quot;pause_on_hover&quot;:&quot;yes&quot;,&quot;pause_on_interaction&quot;:&quot;yes&quot;,&quot;space_between&quot;:{&quot;unit&quot;:&quot;px&quot;,&quot;size&quot;:10,&quot;sizes&quot;:[]},&quot;space_between_tablet&quot;:{&quot;unit&quot;:&quot;px&quot;,&quot;size&quot;:10,&quot;sizes&quot;:[]},&quot;space_between_mobile&quot;:{&quot;unit&quot;:&quot;px&quot;,&quot;size&quot;:10,&quot;sizes&quot;:[]}}\" data-widget_type=\"reviews.default\">\n\t\t\t\t\t\t\t\t\t\t<div class=\"elementor-main-swiper swiper\" role=\"region\" aria-roledescription=\"carousel\" aria-label=\"Slides\">\n\t\t\t\t<div class=\"swiper-wrapper\">\n\t\t\t\t\t\t\t\t\t\t\t<div class=\"swiper-slide\" role=\"group\" aria-roledescription=\"slide\">\n\t\t\t\t\t\t\t\t\t<div class=\"elementor-testimonial elementor-repeater-item-7294235\">\n\t\t\t\t\t\t\t<a class=\"elementor-testimonial__header\" href=\"https:\/\/goo.gl\/maps\/EbhDxSAtuw8cmu9t6\" rel=\"nofollow noopener\" target=\"_blank\">\n\t\t\t\t\t\t\t\t\t\t\t<div class=\"elementor-testimonial__image\">\n\t\t\t\t\t\t\t<img decoding=\"async\" src=\"https:\/\/lh3.googleusercontent.com\/a-\/AOh14GiRRWzAFLHXA-u3szvDa4z5JX6SqalORjs3yZZf7w=w90-h90-p-rp-mo-br100\" alt=\"J. R.\">\n\t\t\t\t\t\t\t\t\t\t\t\t\t<\/div>\n\t\t\t\t\t\t\t\t\t\t<cite class=\"elementor-testimonial__cite\"><span class=\"elementor-testimonial__name\">J. R.<\/span><div class=\"elementor-star-rating\"><i class=\"elementor-star-full\">&#xE934;<\/i><i class=\"elementor-star-full\">&#xE934;<\/i><i class=\"elementor-star-full\">&#xE934;<\/i><i class=\"elementor-star-full\">&#xE934;<\/i><i class=\"elementor-star-full\">&#xE934;<\/i><\/div><span class=\"elementor-testimonial__title\">\u00c9pilation peau fonc\u00e9e<\/span><\/cite>\t\t\t\t\t<div class=\"elementor-testimonial__icon elementor-icon elementor-icon-google-plus\" aria-label=\"Lire plus\"><svg aria-hidden=\"true\" class=\"e-font-icon-svg e-fab-google-plus\" viewBox=\"0 0 512 512\" xmlns=\"http:\/\/www.w3.org\/2000\/svg\"><path d=\"M256,8C119.1,8,8,119.1,8,256S119.1,504,256,504,504,392.9,504,256,392.9,8,256,8ZM185.3,380a124,124,0,0,1,0-248c31.3,0,60.1,11,83,32.3l-33.6,32.6c-13.2-12.9-31.3-19.1-49.4-19.1-42.9,0-77.2,35.5-77.2,78.1S142.3,334,185.3,334c32.6,0,64.9-19.1,70.1-53.3H185.3V238.1H302.2a109.2,109.2,0,0,1,1.9,20.7c0,70.8-47.5,121.2-118.8,121.2ZM415.5,273.8v35.5H380V273.8H344.5V238.3H380V202.8h35.5v35.5h35.2v35.5Z\"><\/path><\/svg><\/div>\t\t\t\t<\/a>\n\t\t\t\t\t\t\t\t\t\t<div class=\"elementor-testimonial__content\">\n\t\t\t\t\t<div class=\"elementor-testimonial__text\">\n\t\t\t\t\t\tMon medcein de famille est dans la m\u00eame batisse que la Clinique M\u00e9dico Esthetique Complexions donc j'ai decider de prendre rdv pour consulter par raport \u00e0 mes poils incarn\u00e9 au niveau de ma barbe du cou, j'ai une peau Mediterranean et un poil tr\u00e8s fort, la techincienne \u00e0 bien pris le temps de evauler ma condition et m'a donner tous les infos ansi ques des bons conseils et petits trucs et \u00e0 recommender une series de traitements d'\u00e9pilation laser au Yag, des le 3 ieme traitement mon probl\u00e8me de poils incarn\u00e9 \u00e9tait d\u00e9j\u00e0 regler, ma peau est d\u00e9j\u00e0 plus lisse et je ne fais plus de gros boutons inflammatoire!  \t\t\t\t\t<\/div>\n\t\t\t\t<\/div>\n\t\t\t\t\t<\/div>\n\t\t\t\t\t\t\t\t<\/div>\n\t\t\t\t\t\t\t\t\t\t\t<div class=\"swiper-slide\" role=\"group\" aria-roledescription=\"slide\">\n\t\t\t\t\t\t\t\t\t<div class=\"elementor-testimonial elementor-repeater-item-9b853f5\">\n\t\t\t\t\t\t\t<a class=\"elementor-testimonial__header\" href=\"https:\/\/goo.gl\/maps\/XR5gQ1vHzusKZrdq5\" rel=\"nofollow noopener\" target=\"_blank\">\n\t\t\t\t\t\t\t\t\t\t\t<div class=\"elementor-testimonial__image\">\n\t\t\t\t\t\t\t<img decoding=\"async\" src=\"https:\/\/cliniquemec.com\/wp-content\/uploads\/2018\/10\/testimonial-4.jpg\" alt=\"B Sweet\">\n\t\t\t\t\t\t\t\t\t\t\t\t\t<\/div>\n\t\t\t\t\t\t\t\t\t\t<cite class=\"elementor-testimonial__cite\"><span class=\"elementor-testimonial__name\">B Sweet<\/span><div class=\"elementor-star-rating\"><i class=\"elementor-star-full\">&#xE934;<\/i><i class=\"elementor-star-full\">&#xE934;<\/i><i class=\"elementor-star-full\">&#xE934;<\/i><i class=\"elementor-star-full\">&#xE934;<\/i><i class=\"elementor-star-full\">&#xE934;<\/i><\/div><span class=\"elementor-testimonial__title\">Laser Hair Removal Dark Skin \/ Facial Treatment \/ Facial Skin Tightening<\/span><\/cite>\t\t\t\t\t<div class=\"elementor-testimonial__icon elementor-icon elementor-icon-google-plus\" aria-label=\"Lire plus\"><svg aria-hidden=\"true\" class=\"e-font-icon-svg e-fab-google-plus\" viewBox=\"0 0 512 512\" xmlns=\"http:\/\/www.w3.org\/2000\/svg\"><path d=\"M256,8C119.1,8,8,119.1,8,256S119.1,504,256,504,504,392.9,504,256,392.9,8,256,8ZM185.3,380a124,124,0,0,1,0-248c31.3,0,60.1,11,83,32.3l-33.6,32.6c-13.2-12.9-31.3-19.1-49.4-19.1-42.9,0-77.2,35.5-77.2,78.1S142.3,334,185.3,334c32.6,0,64.9-19.1,70.1-53.3H185.3V238.1H302.2a109.2,109.2,0,0,1,1.9,20.7c0,70.8-47.5,121.2-118.8,121.2ZM415.5,273.8v35.5H380V273.8H344.5V238.3H380V202.8h35.5v35.5h35.2v35.5Z\"><\/path><\/svg><\/div>\t\t\t\t<\/a>\n\t\t\t\t\t\t\t\t\t\t<div class=\"elementor-testimonial__content\">\n\t\t\t\t\t<div class=\"elementor-testimonial__text\">\n\t\t\t\t\t\tPositive: Professionalism, Cleanliness, Punctuality, Quality Service, Value\n\nI did the complete Bella MD+ facial treatment with Vanessa. The treatment lasted around an hour. She took her time, was meticulous and she listened to my concerns while providing me with the most relaxing  facial treatment. The place is beautiful and super clean. After my treatment I looked and felt amazing! She also advised me on a daily facial routine to follow. I can't wait for my next appointments! Thank you Vanessa\t\t\t\t\t<\/div>\n\t\t\t\t<\/div>\n\t\t\t\t\t<\/div>\n\t\t\t\t\t\t\t\t<\/div>\n\t\t\t\t\t\t\t\t\t\t\t<div class=\"swiper-slide\" role=\"group\" aria-roledescription=\"slide\">\n\t\t\t\t\t\t\t\t\t<div class=\"elementor-testimonial elementor-repeater-item-077ddf6\">\n\t\t\t\t\t\t\t<a class=\"elementor-testimonial__header\" href=\"https:\/\/goo.gl\/maps\/VY47idYVdkCC8kPx7\" rel=\"nofollow noopener\" target=\"_blank\">\n\t\t\t\t\t\t\t\t\t\t\t<div class=\"elementor-testimonial__image\">\n\t\t\t\t\t\t\t<img decoding=\"async\" src=\"https:\/\/lh3.googleusercontent.com\/a-\/AOh14GjAsjLbpuUC9k6rQNEgBPBePfRgb3C71eJBp-acrg=w90-h90-p-rp-mo-br100\" alt=\"Ashley A F\">\n\t\t\t\t\t\t\t\t\t\t\t\t\t<\/div>\n\t\t\t\t\t\t\t\t\t\t<cite class=\"elementor-testimonial__cite\"><span class=\"elementor-testimonial__name\">Ashley A F<\/span><div class=\"elementor-star-rating\"><i class=\"elementor-star-full\">&#xE934;<\/i><i class=\"elementor-star-full\">&#xE934;<\/i><i class=\"elementor-star-full\">&#xE934;<\/i><i class=\"elementor-star-full\">&#xE934;<\/i><i class=\"elementor-star-full\">&#xE934;<\/i><\/div><span class=\"elementor-testimonial__title\">Laser Hair Removal Dark skin<\/span><\/cite>\t\t\t\t\t<div class=\"elementor-testimonial__icon elementor-icon elementor-icon-google-plus\" aria-label=\"Lire plus\"><svg aria-hidden=\"true\" class=\"e-font-icon-svg e-fab-google-plus\" viewBox=\"0 0 512 512\" xmlns=\"http:\/\/www.w3.org\/2000\/svg\"><path d=\"M256,8C119.1,8,8,119.1,8,256S119.1,504,256,504,504,392.9,504,256,392.9,8,256,8ZM185.3,380a124,124,0,0,1,0-248c31.3,0,60.1,11,83,32.3l-33.6,32.6c-13.2-12.9-31.3-19.1-49.4-19.1-42.9,0-77.2,35.5-77.2,78.1S142.3,334,185.3,334c32.6,0,64.9-19.1,70.1-53.3H185.3V238.1H302.2a109.2,109.2,0,0,1,1.9,20.7c0,70.8-47.5,121.2-118.8,121.2ZM415.5,273.8v35.5H380V273.8H344.5V238.3H380V202.8h35.5v35.5h35.2v35.5Z\"><\/path><\/svg><\/div>\t\t\t\t<\/a>\n\t\t\t\t\t\t\t\t\t\t<div class=\"elementor-testimonial__content\">\n\t\t\t\t\t<div class=\"elementor-testimonial__text\">\n\t\t\t\t\t\tSuch friendly and skilled service! Always feels like I\u2019m in the best hands with Vanessa. Highly recommend \u263a\ufe0f\t\t\t\t\t<\/div>\n\t\t\t\t<\/div>\n\t\t\t\t\t<\/div>\n\t\t\t\t\t\t\t\t<\/div>\n\t\t\t\t\t\t\t\t\t\t\t<div class=\"swiper-slide\" role=\"group\" aria-roledescription=\"slide\">\n\t\t\t\t\t\t\t\t\t<div class=\"elementor-testimonial elementor-repeater-item-1372793\">\n\t\t\t\t\t\t\t<a class=\"elementor-testimonial__header\" href=\"https:\/\/goo.gl\/maps\/P5wvf6ciNDSUz5mTA\" rel=\"nofollow noopener\" target=\"_blank\">\n\t\t\t\t\t\t\t\t\t\t\t<div class=\"elementor-testimonial__image\">\n\t\t\t\t\t\t\t<img decoding=\"async\" src=\"https:\/\/lh3.googleusercontent.com\/a\/AATXAJx3AbxZmavxGvqhQGLHIwC-A8IX-ZMq38ud5Yqy=w90-h90-p-rp-mo-br100\" alt=\"Stephane Faccone\">\n\t\t\t\t\t\t\t\t\t\t\t\t\t<\/div>\n\t\t\t\t\t\t\t\t\t\t<cite class=\"elementor-testimonial__cite\"><span class=\"elementor-testimonial__name\">Stephane Faccone<\/span><div class=\"elementor-star-rating\"><i class=\"elementor-star-full\">&#xE934;<\/i><i class=\"elementor-star-full\">&#xE934;<\/i><i class=\"elementor-star-full\">&#xE934;<\/i><i class=\"elementor-star-full\">&#xE934;<\/i><i class=\"elementor-star-full\">&#xE934;<\/i><\/div><span class=\"elementor-testimonial__title\">Laser Hair Removal \/ Facial Treatment \/ Facial Skin Tightening<\/span><\/cite>\t\t\t\t\t<div class=\"elementor-testimonial__icon elementor-icon elementor-icon-google-plus\" aria-label=\"Lire plus\"><svg aria-hidden=\"true\" class=\"e-font-icon-svg e-fab-google-plus\" viewBox=\"0 0 512 512\" xmlns=\"http:\/\/www.w3.org\/2000\/svg\"><path d=\"M256,8C119.1,8,8,119.1,8,256S119.1,504,256,504,504,392.9,504,256,392.9,8,256,8ZM185.3,380a124,124,0,0,1,0-248c31.3,0,60.1,11,83,32.3l-33.6,32.6c-13.2-12.9-31.3-19.1-49.4-19.1-42.9,0-77.2,35.5-77.2,78.1S142.3,334,185.3,334c32.6,0,64.9-19.1,70.1-53.3H185.3V238.1H302.2a109.2,109.2,0,0,1,1.9,20.7c0,70.8-47.5,121.2-118.8,121.2ZM415.5,273.8v35.5H380V273.8H344.5V238.3H380V202.8h35.5v35.5h35.2v35.5Z\"><\/path><\/svg><\/div>\t\t\t\t<\/a>\n\t\t\t\t\t\t\t\t\t\t<div class=\"elementor-testimonial__content\">\n\t\t\t\t\t<div class=\"elementor-testimonial__text\">\n\t\t\t\t\t\tAmazing service and great help!\nI had a sebum issue on my forehead, my forehead would become extra greasy (or shiny) even minutes after a shower. After a few facials and a recommended cream, I saw the amelioration right away!\t\t\t\t\t<\/div>\n\t\t\t\t<\/div>\n\t\t\t\t\t<\/div>\n\t\t\t\t\t\t\t\t<\/div>\n\t\t\t\t\t\t\t\t\t\t\t<div class=\"swiper-slide\" role=\"group\" aria-roledescription=\"slide\">\n\t\t\t\t\t\t\t\t\t<div class=\"elementor-testimonial elementor-repeater-item-bac7e75\">\n\t\t\t\t\t\t\t<div class=\"elementor-testimonial__header\">\n\t\t\t\t\t\t\t\t\t\t\t<div class=\"elementor-testimonial__image\">\n\t\t\t\t\t\t\t<img decoding=\"async\" src=\"https:\/\/lh3.googleusercontent.com\/a\/AATXAJywlviuEYPzaoVj43t9g4YvoK-UPhz7pR4cJeke=w90-h90-p-rp-mo-br100\" alt=\"Anne Anderson\">\n\t\t\t\t\t\t\t\t\t\t\t\t\t<\/div>\n\t\t\t\t\t\t\t\t\t\t<cite class=\"elementor-testimonial__cite\"><span class=\"elementor-testimonial__name\">Anne Anderson<\/span><div class=\"elementor-star-rating\"><i class=\"elementor-star-full\">&#xE934;<\/i><i class=\"elementor-star-full\">&#xE934;<\/i><i class=\"elementor-star-full\">&#xE934;<\/i><i class=\"elementor-star-full\">&#xE934;<\/i><i class=\"elementor-star-full\">&#xE934;<\/i><\/div><span class=\"elementor-testimonial__title\">I received the best service!<\/span><\/cite>\t\t\t\t\t<div class=\"elementor-testimonial__icon elementor-icon elementor-icon-google-plus\" aria-label=\"Lire plus\"><svg aria-hidden=\"true\" class=\"e-font-icon-svg e-fab-google-plus\" viewBox=\"0 0 512 512\" xmlns=\"http:\/\/www.w3.org\/2000\/svg\"><path d=\"M256,8C119.1,8,8,119.1,8,256S119.1,504,256,504,504,392.9,504,256,392.9,8,256,8ZM185.3,380a124,124,0,0,1,0-248c31.3,0,60.1,11,83,32.3l-33.6,32.6c-13.2-12.9-31.3-19.1-49.4-19.1-42.9,0-77.2,35.5-77.2,78.1S142.3,334,185.3,334c32.6,0,64.9-19.1,70.1-53.3H185.3V238.1H302.2a109.2,109.2,0,0,1,1.9,20.7c0,70.8-47.5,121.2-118.8,121.2ZM415.5,273.8v35.5H380V273.8H344.5V238.3H380V202.8h35.5v35.5h35.2v35.5Z\"><\/path><\/svg><\/div>\t\t\t\t<\/div>\n\t\t\t\t\t\t\t\t\t\t<div class=\"elementor-testimonial__content\">\n\t\t\t\t\t<div class=\"elementor-testimonial__text\">\n\t\t\t\t\t\tI received the best service! Very satisfied. This is my favourite place.\t\t\t\t\t<\/div>\n\t\t\t\t<\/div>\n\t\t\t\t\t<\/div>\n\t\t\t\t\t\t\t\t<\/div>\n\t\t\t\t\t\t\t\t\t\t\t<div class=\"swiper-slide\" role=\"group\" aria-roledescription=\"slide\">\n\t\t\t\t\t\t\t\t\t<div class=\"elementor-testimonial elementor-repeater-item-39dbcff\">\n\t\t\t\t\t\t\t<div class=\"elementor-testimonial__header\">\n\t\t\t\t\t\t\t\t\t\t\t<div class=\"elementor-testimonial__image\">\n\t\t\t\t\t\t\t<img decoding=\"async\" src=\"https:\/\/lh3.googleusercontent.com\/a-\/AOh14Ghxi1vjJlX-YNKiQjqZ50tUQ_TN9mcJtGcupcHXzw=w90-h90-p-rp-mo-br100\" alt=\"lorraine termetz\">\n\t\t\t\t\t\t\t\t\t\t\t\t\t<\/div>\n\t\t\t\t\t\t\t\t\t\t<cite class=\"elementor-testimonial__cite\"><span class=\"elementor-testimonial__name\">lorraine termetz<\/span><div class=\"elementor-star-rating\"><i class=\"elementor-star-full\">&#xE934;<\/i><i class=\"elementor-star-full\">&#xE934;<\/i><i class=\"elementor-star-full\">&#xE934;<\/i><i class=\"elementor-star-full\">&#xE934;<\/i><i class=\"elementor-star-full\">&#xE934;<\/i><\/div><span class=\"elementor-testimonial__title\">Vanessa \u00e0 une exp\u00e9rience incomparable\u2026<\/span><\/cite>\t\t\t\t\t<div class=\"elementor-testimonial__icon elementor-icon elementor-icon-google-plus\" aria-label=\"Lire plus\"><svg aria-hidden=\"true\" class=\"e-font-icon-svg e-fab-google-plus\" viewBox=\"0 0 512 512\" xmlns=\"http:\/\/www.w3.org\/2000\/svg\"><path d=\"M256,8C119.1,8,8,119.1,8,256S119.1,504,256,504,504,392.9,504,256,392.9,8,256,8ZM185.3,380a124,124,0,0,1,0-248c31.3,0,60.1,11,83,32.3l-33.6,32.6c-13.2-12.9-31.3-19.1-49.4-19.1-42.9,0-77.2,35.5-77.2,78.1S142.3,334,185.3,334c32.6,0,64.9-19.1,70.1-53.3H185.3V238.1H302.2a109.2,109.2,0,0,1,1.9,20.7c0,70.8-47.5,121.2-118.8,121.2ZM415.5,273.8v35.5H380V273.8H344.5V238.3H380V202.8h35.5v35.5h35.2v35.5Z\"><\/path><\/svg><\/div>\t\t\t\t<\/div>\n\t\t\t\t\t\t\t\t\t\t<div class=\"elementor-testimonial__content\">\n\t\t\t\t\t<div class=\"elementor-testimonial__text\">\n\t\t\t\t\t\tBonjour ! Je veux vous partager mon exp\u00e9rience tout \u00e0 fait incroyable que j\u2019ai eu lors de mon op\u00e9ration pour les yeux \u00e0 la #cliniquemichelpop .\nOui \u2026 Oui  \u2026 Je suis ce genre de femme  extr\u00eamement capricieuse et pointilleuse lorsque je re\u00e7ois un service \u2026Alors je peux vous dire que si un jour vous d\u00e9sirez ne plus porter de lunettes allez voir Dr Pop il vous fera des yeux neuf !!!!\nApr\u00e8s 2 semaine je n\u2019en reviens pas encore !!!\t\t\t\t\t<\/div>\n\t\t\t\t<\/div>\n\t\t\t\t\t<\/div>\n\t\t\t\t\t\t\t\t<\/div>\n\t\t\t\t\t\t\t\t\t\t\t<div class=\"swiper-slide\" role=\"group\" aria-roledescription=\"slide\">\n\t\t\t\t\t\t\t\t\t<div class=\"elementor-testimonial elementor-repeater-item-1f491e0\">\n\t\t\t\t\t\t\t<a class=\"elementor-testimonial__header\" href=\"https:\/\/www.google.com\/maps\/contrib\/104024172689895514413\/place\/ChIJaQYkL1IjyUwRnISp4Zg2kCM\/@45.5828065,-73.7215211,12z\/data=!4m6!1m5!8m4!1e1!2s104024172689895514413!3m1!1e1?hl=en-CA\" rel=\"nofollow noopener\" target=\"_blank\">\n\t\t\t\t\t\t\t\t\t\t\t<div class=\"elementor-testimonial__image\">\n\t\t\t\t\t\t\t<img decoding=\"async\" src=\"https:\/\/lh3.googleusercontent.com\/a-\/AOh14GiEldWT_jtU7e2DQunMsh5P5I6bSghs3cmeLtXfvQ=w90-h90-p-rp-mo-br100\" alt=\"Farah Philistin\">\n\t\t\t\t\t\t\t\t\t\t\t\t\t<\/div>\n\t\t\t\t\t\t\t\t\t\t<cite class=\"elementor-testimonial__cite\"><span class=\"elementor-testimonial__name\">Farah Philistin<\/span><div class=\"elementor-star-rating\"><i class=\"elementor-star-full\">&#xE934;<\/i><i class=\"elementor-star-full\">&#xE934;<\/i><i class=\"elementor-star-full\">&#xE934;<\/i><i class=\"elementor-star-full\">&#xE934;<\/i><i class=\"elementor-star-full\">&#xE934;<\/i><\/div><span class=\"elementor-testimonial__title\">\u00c9pilation peau fonc\u00e9e \/ Soin du Visage \/ Raffermissement de la Peau du Visage<\/span><\/cite>\t\t\t\t\t<div class=\"elementor-testimonial__icon elementor-icon elementor-icon-google-plus\" aria-label=\"Lire plus\"><svg aria-hidden=\"true\" class=\"e-font-icon-svg e-fab-google-plus\" viewBox=\"0 0 512 512\" xmlns=\"http:\/\/www.w3.org\/2000\/svg\"><path d=\"M256,8C119.1,8,8,119.1,8,256S119.1,504,256,504,504,392.9,504,256,392.9,8,256,8ZM185.3,380a124,124,0,0,1,0-248c31.3,0,60.1,11,83,32.3l-33.6,32.6c-13.2-12.9-31.3-19.1-49.4-19.1-42.9,0-77.2,35.5-77.2,78.1S142.3,334,185.3,334c32.6,0,64.9-19.1,70.1-53.3H185.3V238.1H302.2a109.2,109.2,0,0,1,1.9,20.7c0,70.8-47.5,121.2-118.8,121.2ZM415.5,273.8v35.5H380V273.8H344.5V238.3H380V202.8h35.5v35.5h35.2v35.5Z\"><\/path><\/svg><\/div>\t\t\t\t<\/a>\n\t\t\t\t\t\t\t\t\t\t<div class=\"elementor-testimonial__content\">\n\t\t\t\t\t<div class=\"elementor-testimonial__text\">\n\t\t\t\t\t\tLaser Hair Removal Laval - \u00c9pilation Laser Laval | Clinique M\u00e9dico Esth\u00e9tique Complexions!5 Star\t\t\t\t\t<\/div>\n\t\t\t\t<\/div>\n\t\t\t\t\t<\/div>\n\t\t\t\t\t\t\t\t<\/div>\n\t\t\t\t\t\t\t\t\t\t\t<div class=\"swiper-slide\" role=\"group\" aria-roledescription=\"slide\">\n\t\t\t\t\t\t\t\t\t<div class=\"elementor-testimonial elementor-repeater-item-06e9078\">\n\t\t\t\t\t\t\t<a class=\"elementor-testimonial__header\" href=\"https:\/\/goo.gl\/maps\/xRx3Z9SvxEzfPoFcA\" rel=\"nofollow noopener\" target=\"_blank\">\n\t\t\t\t\t\t\t\t\t\t\t<div class=\"elementor-testimonial__image\">\n\t\t\t\t\t\t\t<img decoding=\"async\" src=\"https:\/\/lh3.googleusercontent.com\/a\/AATXAJz5xFPrOTL-YPJJuF57-2ISZRa4xtgABYPb-8xB=w90-h90-p-rp-mo-br100\" alt=\"Alicia Morales\">\n\t\t\t\t\t\t\t\t\t\t\t\t\t<\/div>\n\t\t\t\t\t\t\t\t\t\t<cite class=\"elementor-testimonial__cite\"><span class=\"elementor-testimonial__name\">Alicia Morales<\/span><div class=\"elementor-star-rating\"><i class=\"elementor-star-full\">&#xE934;<\/i><i class=\"elementor-star-full\">&#xE934;<\/i><i class=\"elementor-star-full\">&#xE934;<\/i><i class=\"elementor-star-full\">&#xE934;<\/i><i class=\"elementor-star-full\">&#xE934;<\/i><\/div><span class=\"elementor-testimonial__title\">Soin du Visage \/ Raffermissement de la Peau du Visage<\/span><\/cite>\t\t\t\t\t<div class=\"elementor-testimonial__icon elementor-icon elementor-icon-google-plus\" aria-label=\"Lire plus\"><svg aria-hidden=\"true\" class=\"e-font-icon-svg e-fab-google-plus\" viewBox=\"0 0 512 512\" xmlns=\"http:\/\/www.w3.org\/2000\/svg\"><path d=\"M256,8C119.1,8,8,119.1,8,256S119.1,504,256,504,504,392.9,504,256,392.9,8,256,8ZM185.3,380a124,124,0,0,1,0-248c31.3,0,60.1,11,83,32.3l-33.6,32.6c-13.2-12.9-31.3-19.1-49.4-19.1-42.9,0-77.2,35.5-77.2,78.1S142.3,334,185.3,334c32.6,0,64.9-19.1,70.1-53.3H185.3V238.1H302.2a109.2,109.2,0,0,1,1.9,20.7c0,70.8-47.5,121.2-118.8,121.2ZM415.5,273.8v35.5H380V273.8H344.5V238.3H380V202.8h35.5v35.5h35.2v35.5Z\"><\/path><\/svg><\/div>\t\t\t\t<\/a>\n\t\t\t\t\t\t\t\t\t\t<div class=\"elementor-testimonial__content\">\n\t\t\t\t\t<div class=\"elementor-testimonial__text\">\n\t\t\t\t\t\tTr\u00e8s bel endroit. Vanessa est tr\u00e8s professionnelle et prend toujours le temps de bien conseiller ce qui est le mieux pour ma peau. J\u2019adore mes soins visages BelaMd\u2019s combin\u00e9s avec Forma; c\u2019est mon moment de d\u00e9tente et ma peau est tellement plus belle et en sant\u00e9 depuis que j\u2019ai commenc\u00e9 cette cure. J\u2019ai aussi fait un traitement retouche d\u2019\u00e9pilation au laser car j\u2019en ai d\u00e9j\u00e0 fait plusieurs dans le pass\u00e9 mais presque tous et repousser , et je suis tellement impressionn\u00e9 que je n'ai pas eu besoin de me raser depuis! Tr\u00e8s satisfaite avec les services. Gracias Vanessa \ud83d\ude0a\t\t\t\t\t<\/div>\n\t\t\t\t<\/div>\n\t\t\t\t\t<\/div>\n\t\t\t\t\t\t\t\t<\/div>\n\t\t\t\t\t\t\t\t\t\t\t<div class=\"swiper-slide\" role=\"group\" aria-roledescription=\"slide\">\n\t\t\t\t\t\t\t\t\t<div class=\"elementor-testimonial elementor-repeater-item-e349411\">\n\t\t\t\t\t\t\t<a class=\"elementor-testimonial__header\" href=\"https:\/\/goo.gl\/maps\/xRx3Z9SvxEzfPoFcA\" rel=\"nofollow noopener\" target=\"_blank\">\n\t\t\t\t\t\t\t\t\t\t\t<div class=\"elementor-testimonial__image\">\n\t\t\t\t\t\t\t<img decoding=\"async\" src=\"https:\/\/lh3.googleusercontent.com\/a-\/AOh14Gh5ypZKczmc_pANcJf-ERtUrYTF2GtgGGdeV-4g=w90-h90-p-rp-mo-br100\" alt=\"SkippOfficial\">\n\t\t\t\t\t\t\t\t\t\t\t\t\t<\/div>\n\t\t\t\t\t\t\t\t\t\t<cite class=\"elementor-testimonial__cite\"><span class=\"elementor-testimonial__name\">SkippOfficial<\/span><div class=\"elementor-star-rating\"><i class=\"elementor-star-full\">&#xE934;<\/i><i class=\"elementor-star-full\">&#xE934;<\/i><i class=\"elementor-star-full\">&#xE934;<\/i><i class=\"elementor-star-full\">&#xE934;<\/i><i class=\"elementor-star-full\">&#xE934;<\/i><\/div><span class=\"elementor-testimonial__title\">\u00c9pilation peau fonc\u00e9e \/ Soin du Visage<\/span><\/cite>\t\t\t\t\t<div class=\"elementor-testimonial__icon elementor-icon elementor-icon-google-plus\" aria-label=\"Lire plus\"><svg aria-hidden=\"true\" class=\"e-font-icon-svg e-fab-google-plus\" viewBox=\"0 0 512 512\" xmlns=\"http:\/\/www.w3.org\/2000\/svg\"><path d=\"M256,8C119.1,8,8,119.1,8,256S119.1,504,256,504,504,392.9,504,256,392.9,8,256,8ZM185.3,380a124,124,0,0,1,0-248c31.3,0,60.1,11,83,32.3l-33.6,32.6c-13.2-12.9-31.3-19.1-49.4-19.1-42.9,0-77.2,35.5-77.2,78.1S142.3,334,185.3,334c32.6,0,64.9-19.1,70.1-53.3H185.3V238.1H302.2a109.2,109.2,0,0,1,1.9,20.7c0,70.8-47.5,121.2-118.8,121.2ZM415.5,273.8v35.5H380V273.8H344.5V238.3H380V202.8h35.5v35.5h35.2v35.5Z\"><\/path><\/svg><\/div>\t\t\t\t<\/a>\n\t\t\t\t\t\t\t\t\t\t<div class=\"elementor-testimonial__content\">\n\t\t\t\t\t<div class=\"elementor-testimonial__text\">\n\t\t\t\t\t\t(Translated by Google) Best service I have had to date\nThis place deserves a try you will not be disappointed\n\n(Original)\nMeilleur service que j\u2019ai eue \u00e0 date\nCette place m\u00e9rite un essaie vous ne serez pas d\u00e9\u00e7u\t\t\t\t\t<\/div>\n\t\t\t\t<\/div>\n\t\t\t\t\t<\/div>\n\t\t\t\t\t\t\t\t<\/div>\n\t\t\t\t\t\t\t\t\t<\/div>\n\t\t\t\t\t\t\t\t\t\t\t\t\t\t\t<div class=\"elementor-swiper-button elementor-swiper-button-prev\" role=\"button\" tabindex=\"0\" aria-label=\"Pr\u00e9c\u00e9dent\">\n\t\t\t\t\t\t\t<svg aria-hidden=\"true\" class=\"e-font-icon-svg e-eicon-chevron-left\" viewBox=\"0 0 1000 1000\" xmlns=\"http:\/\/www.w3.org\/2000\/svg\"><path d=\"M646 125C629 125 613 133 604 142L308 442C296 454 292 471 292 487 292 504 296 521 308 533L604 854C617 867 629 875 646 875 663 875 679 871 692 858 704 846 713 829 713 812 713 796 708 779 692 767L438 487 692 225C700 217 708 204 708 187 708 171 704 154 692 142 675 129 663 125 646 125Z\"><\/path><\/svg>\t\t\t\t\t\t<\/div>\n\t\t\t\t\t\t<div class=\"elementor-swiper-button elementor-swiper-button-next\" role=\"button\" tabindex=\"0\" aria-label=\"Suivant\">\n\t\t\t\t\t\t\t<svg aria-hidden=\"true\" class=\"e-font-icon-svg e-eicon-chevron-right\" viewBox=\"0 0 1000 1000\" xmlns=\"http:\/\/www.w3.org\/2000\/svg\"><path d=\"M696 533C708 521 713 504 713 487 713 471 708 454 696 446L400 146C388 133 375 125 354 125 338 125 325 129 313 142 300 154 292 171 292 187 292 204 296 221 308 233L563 492 304 771C292 783 288 800 288 817 288 833 296 850 308 863 321 871 338 875 354 875 371 875 388 867 400 854L696 533Z\"><\/path><\/svg>\t\t\t\t\t\t<\/div>\n\t\t\t\t\t\t\t\t\t\t\t\t\t\t\t\t<div class=\"swiper-pagination\"><\/div>\n\t\t\t\t\t\t\t\t\t\t\t\t<\/div>\n\t\t\t\t\t\t\t\t<\/div>\n\t\t\t\t<div class=\"elementor-element elementor-element-169a66bc elementor-shape-rounded elementor-grid-0 e-grid-align-center elementor-widget elementor-widget-social-icons\" data-id=\"169a66bc\" data-element_type=\"widget\" data-e-type=\"widget\" data-widget_type=\"social-icons.default\">\n\t\t\t\t\t\t\t<div class=\"elementor-social-icons-wrapper elementor-grid\" role=\"list\">\n\t\t\t\t\t\t\t<span class=\"elementor-grid-item\" role=\"listitem\">\n\t\t\t\t\t<a class=\"elementor-icon elementor-social-icon elementor-social-icon-facebook elementor-repeater-item-65d0eab\" href=\"https:\/\/www.facebook.com\/clinique.complexions\/\" target=\"_blank\" rel=\"nofollow noopener\">\n\t\t\t\t\t\t<span class=\"elementor-screen-only\">Facebook<\/span>\n\t\t\t\t\t\t<svg aria-hidden=\"true\" class=\"e-font-icon-svg e-fab-facebook\" viewBox=\"0 0 512 512\" xmlns=\"http:\/\/www.w3.org\/2000\/svg\"><path d=\"M504 256C504 119 393 8 256 8S8 119 8 256c0 123.78 90.69 226.38 209.25 245V327.69h-63V256h63v-54.64c0-62.15 37-96.48 93.67-96.48 27.14 0 55.52 4.84 55.52 4.84v61h-31.28c-30.8 0-40.41 19.12-40.41 38.73V256h68.78l-11 71.69h-57.78V501C413.31 482.38 504 379.78 504 256z\"><\/path><\/svg>\t\t\t\t\t<\/a>\n\t\t\t\t<\/span>\n\t\t\t\t\t\t\t<span class=\"elementor-grid-item\" role=\"listitem\">\n\t\t\t\t\t<a class=\"elementor-icon elementor-social-icon elementor-social-icon-instagram elementor-repeater-item-5f1b4e1\" href=\"https:\/\/www.instagram.com\/clinique_complexions\/\" target=\"_blank\" rel=\"nofollow noopener\">\n\t\t\t\t\t\t<span class=\"elementor-screen-only\">Instagram<\/span>\n\t\t\t\t\t\t<svg aria-hidden=\"true\" class=\"e-font-icon-svg e-fab-instagram\" viewBox=\"0 0 448 512\" xmlns=\"http:\/\/www.w3.org\/2000\/svg\"><path d=\"M224.1 141c-63.6 0-114.9 51.3-114.9 114.9s51.3 114.9 114.9 114.9S339 319.5 339 255.9 287.7 141 224.1 141zm0 189.6c-41.1 0-74.7-33.5-74.7-74.7s33.5-74.7 74.7-74.7 74.7 33.5 74.7 74.7-33.6 74.7-74.7 74.7zm146.4-194.3c0 14.9-12 26.8-26.8 26.8-14.9 0-26.8-12-26.8-26.8s12-26.8 26.8-26.8 26.8 12 26.8 26.8zm76.1 27.2c-1.7-35.9-9.9-67.7-36.2-93.9-26.2-26.2-58-34.4-93.9-36.2-37-2.1-147.9-2.1-184.9 0-35.8 1.7-67.6 9.9-93.9 36.1s-34.4 58-36.2 93.9c-2.1 37-2.1 147.9 0 184.9 1.7 35.9 9.9 67.7 36.2 93.9s58 34.4 93.9 36.2c37 2.1 147.9 2.1 184.9 0 35.9-1.7 67.7-9.9 93.9-36.2 26.2-26.2 34.4-58 36.2-93.9 2.1-37 2.1-147.8 0-184.8zM398.8 388c-7.8 19.6-22.9 34.7-42.6 42.6-29.5 11.7-99.5 9-132.1 9s-102.7 2.6-132.1-9c-19.6-7.8-34.7-22.9-42.6-42.6-11.7-29.5-9-99.5-9-132.1s-2.6-102.7 9-132.1c7.8-19.6 22.9-34.7 42.6-42.6 29.5-11.7 99.5-9 132.1-9s102.7-2.6 132.1 9c19.6 7.8 34.7 22.9 42.6 42.6 11.7 29.5 9 99.5 9 132.1s2.7 102.7-9 132.1z\"><\/path><\/svg>\t\t\t\t\t<\/a>\n\t\t\t\t<\/span>\n\t\t\t\t\t\t\t<span class=\"elementor-grid-item\" role=\"listitem\">\n\t\t\t\t\t<a class=\"elementor-icon elementor-social-icon elementor-social-icon-youtube elementor-repeater-item-1503435\" target=\"_blank\">\n\t\t\t\t\t\t<span class=\"elementor-screen-only\">Youtube<\/span>\n\t\t\t\t\t\t<svg aria-hidden=\"true\" class=\"e-font-icon-svg e-fab-youtube\" viewBox=\"0 0 576 512\" xmlns=\"http:\/\/www.w3.org\/2000\/svg\"><path d=\"M549.655 124.083c-6.281-23.65-24.787-42.276-48.284-48.597C458.781 64 288 64 288 64S117.22 64 74.629 75.486c-23.497 6.322-42.003 24.947-48.284 48.597-11.412 42.867-11.412 132.305-11.412 132.305s0 89.438 11.412 132.305c6.281 23.65 24.787 41.5 48.284 47.821C117.22 448 288 448 288 448s170.78 0 213.371-11.486c23.497-6.321 42.003-24.171 48.284-47.821 11.412-42.867 11.412-132.305 11.412-132.305s0-89.438-11.412-132.305zm-317.51 213.508V175.185l142.739 81.205-142.739 81.201z\"><\/path><\/svg>\t\t\t\t\t<\/a>\n\t\t\t\t<\/span>\n\t\t\t\t\t<\/div>\n\t\t\t\t\t\t<\/div>\n\t\t\t\t\t<\/div>\n\t\t<\/div>\n\t\t\t\t\t<\/div>\n\t\t<\/section>\n\t\t\t\t<\/div>\n\t\t","protected":false},"excerpt":{"rendered":"<p>Home \u00c9PILATION LASER PEAUX FONC\u00c9ES LAVAL \u00c9pilation laser peaux fonc\u00e9es Laval, laser Nd:YAG pour la peau noire, brune ou pigment\u00e9e. La Clinique M\u00e9dico Esth\u00e9tique Complexions est fi\u00e8re d&rsquo;offrir \u00e0 ses clients de la grande r\u00e9gion de Laval, au Qu\u00e9bec au &hellip; <a href=\"https:\/\/cliniquemec.com\/fr\/epilation-laser-peaux-foncees-laval\/\">Read More<\/a><\/p>\n","protected":false},"author":40,"featured_media":0,"parent":0,"menu_order":0,"comment_status":"closed","ping_status":"closed","template":"","meta":{"_acf_changed":false,"footnotes":""},"class_list":["post-1416","page","type-page","status-publish","hentry"],"acf":[],"_links":{"self":[{"href":"https:\/\/cliniquemec.com\/fr\/wp-json\/wp\/v2\/pages\/1416","targetHints":{"allow":["GET"]}}],"collection":[{"href":"https:\/\/cliniquemec.com\/fr\/wp-json\/wp\/v2\/pages"}],"about":[{"href":"https:\/\/cliniquemec.com\/fr\/wp-json\/wp\/v2\/types\/page"}],"author":[{"embeddable":true,"href":"https:\/\/cliniquemec.com\/fr\/wp-json\/wp\/v2\/users\/40"}],"replies":[{"embeddable":true,"href":"https:\/\/cliniquemec.com\/fr\/wp-json\/wp\/v2\/comments?post=1416"}],"version-history":[{"count":0,"href":"https:\/\/cliniquemec.com\/fr\/wp-json\/wp\/v2\/pages\/1416\/revisions"}],"wp:attachment":[{"href":"https:\/\/cliniquemec.com\/fr\/wp-json\/wp\/v2\/media?parent=1416"}],"curies":[{"name":"wp","href":"https:\/\/api.w.org\/{rel}","templated":true}]}}