{"id":1913,"date":"2025-08-22T16:32:09","date_gmt":"2025-08-22T21:32:09","guid":{"rendered":"https:\/\/cliniquemec.com\/?page_id=1913"},"modified":"2025-08-22T16:39:50","modified_gmt":"2025-08-22T21:39:50","slug":"epilation-laval","status":"publish","type":"page","link":"https:\/\/cliniquemec.com\/fr\/epilation-laval\/","title":{"rendered":"Nouveau et s\u00fbr: # 1 \u00c9pilation Laval"},"content":{"rendered":"\t\t<div data-elementor-type=\"wp-page\" data-elementor-id=\"1913\" class=\"elementor elementor-1913\" data-elementor-post-type=\"page\">\n\t\t\t\t\t\t<section class=\"elementor-section elementor-top-section elementor-element elementor-element-5869beea elementor-section-boxed elementor-section-height-default elementor-section-height-default\" data-id=\"5869beea\" data-element_type=\"section\" data-e-type=\"section\" id=\"Epilation-peau-foncee-et-noire\">\n\t\t\t\t\t\t<div class=\"elementor-container elementor-column-gap-default\">\n\t\t\t\t\t<div class=\"elementor-column elementor-col-100 elementor-top-column elementor-element elementor-element-5c05bd1a\" data-id=\"5c05bd1a\" data-element_type=\"column\" data-e-type=\"column\">\n\t\t\t<div class=\"elementor-widget-wrap elementor-element-populated\">\n\t\t\t\t\t\t<div class=\"elementor-element elementor-element-1f15459a elementor-widget elementor-widget-breadcrumbs\" data-id=\"1f15459a\" data-element_type=\"widget\" data-e-type=\"widget\" data-widget_type=\"breadcrumbs.default\">\n\t\t\t\t<div class=\"elementor-widget-container\">\n\t\t\t\t\t<div><span class=\"last\">Accueil<\/span><\/div>\t\t\t\t<\/div>\n\t\t\t\t<\/div>\n\t\t\t\t\t<\/div>\n\t\t<\/div>\n\t\t\t\t\t<\/div>\n\t\t<\/section>\n\t\t\t\t<section class=\"elementor-section elementor-top-section elementor-element elementor-element-2305e9c5 elementor-section-boxed elementor-section-height-default elementor-section-height-default\" data-id=\"2305e9c5\" data-element_type=\"section\" data-e-type=\"section\" id=\"Epilation-laser-Nd-YAG\">\n\t\t\t\t\t\t<div class=\"elementor-container elementor-column-gap-default\">\n\t\t\t\t\t<div class=\"elementor-column elementor-col-66 elementor-top-column elementor-element elementor-element-53fe175e\" data-id=\"53fe175e\" data-element_type=\"column\" data-e-type=\"column\">\n\t\t\t<div class=\"elementor-widget-wrap elementor-element-populated\">\n\t\t\t\t\t\t<div class=\"elementor-element elementor-element-7cc1a407 elementor-widget elementor-widget-heading\" data-id=\"7cc1a407\" data-element_type=\"widget\" data-e-type=\"widget\" data-widget_type=\"heading.default\">\n\t\t\t\t\t<h2 class=\"elementor-heading-title elementor-size-default\">\u00c9PILATION LAVAL<\/h2>\t\t\t\t<\/div>\n\t\t\t\t<div class=\"elementor-element elementor-element-cd6f5b1 elementor-widget elementor-widget-heading\" data-id=\"cd6f5b1\" data-element_type=\"widget\" data-e-type=\"widget\" data-widget_type=\"heading.default\">\n\t\t\t\t\t<h5 class=\"elementor-heading-title elementor-size-default\">\u00c9pilation Laval, laser Nd:YAG pour la peau noire, brune ou pigment\u00e9e.<\/h5>\t\t\t\t<\/div>\n\t\t\t\t<section class=\"elementor-section elementor-inner-section elementor-element elementor-element-6dcbd42 elementor-section-boxed elementor-section-height-default elementor-section-height-default\" data-id=\"6dcbd42\" data-element_type=\"section\" data-e-type=\"section\">\n\t\t\t\t\t\t<div class=\"elementor-container elementor-column-gap-default\">\n\t\t\t\t\t<div class=\"elementor-column elementor-col-50 elementor-inner-column elementor-element elementor-element-8056087\" data-id=\"8056087\" data-element_type=\"column\" data-e-type=\"column\">\n\t\t\t<div class=\"elementor-widget-wrap elementor-element-populated\">\n\t\t\t\t\t\t<div class=\"elementor-element elementor-element-d70f6ca elementor-widget elementor-widget-image\" data-id=\"d70f6ca\" data-element_type=\"widget\" data-e-type=\"widget\" data-widget_type=\"image.default\">\n\t\t\t\t\t\t\t\t\t\t\t\t\t\t\t\t<a href=\"https:\/\/cliniquemec.com\/fr\/\">\n\t\t\t\t\t\t\t<img data-rjs=\"2\" fetchpriority=\"high\" decoding=\"async\" width=\"570\" height=\"926\" src=\"https:\/\/cliniquemec.com\/wp-content\/uploads\/2021\/03\/laser-hair-removal-for-dark-skin.jpg\" class=\"attachment-large size-large wp-image-1530\" alt=\"\u00c9pilation peau fonc\u00e9e et noire\" srcset=\"https:\/\/cliniquemec.com\/wp-content\/uploads\/2021\/03\/laser-hair-removal-for-dark-skin.jpg 570w, https:\/\/cliniquemec.com\/wp-content\/uploads\/2021\/03\/laser-hair-removal-for-dark-skin-185x300.jpg 185w, https:\/\/cliniquemec.com\/wp-content\/uploads\/2021\/03\/laser-hair-removal-for-dark-skin-55x90.jpg 55w, https:\/\/cliniquemec.com\/wp-content\/uploads\/2021\/03\/laser-hair-removal-for-dark-skin-49x80.jpg 49w, https:\/\/cliniquemec.com\/wp-content\/uploads\/2021\/03\/laser-hair-removal-for-dark-skin-187x303.jpg 187w, https:\/\/cliniquemec.com\/wp-content\/uploads\/2021\/03\/laser-hair-removal-for-dark-skin-431x700.jpg 431w, https:\/\/cliniquemec.com\/wp-content\/uploads\/2021\/03\/laser-hair-removal-for-dark-skin-150x244.jpg 150w\" sizes=\"(max-width: 570px) 100vw, 570px\" \/>\t\t\t\t\t\t\t\t<\/a>\n\t\t\t\t\t\t\t\t\t\t\t\t\t\t\t<\/div>\n\t\t\t\t\t<\/div>\n\t\t<\/div>\n\t\t\t\t<div class=\"elementor-column elementor-col-50 elementor-inner-column elementor-element elementor-element-a679ea9\" data-id=\"a679ea9\" data-element_type=\"column\" data-e-type=\"column\">\n\t\t\t<div class=\"elementor-widget-wrap elementor-element-populated\">\n\t\t\t\t\t\t<div class=\"elementor-element elementor-element-268b7a6b elementor-widget elementor-widget-text-editor\" data-id=\"268b7a6b\" data-element_type=\"widget\" data-e-type=\"widget\" data-widget_type=\"text-editor.default\">\n\t\t\t\t\t\t\t\t\t<p>La Clinique M\u00e9dico Esth\u00e9tique Complexions est fi\u00e8re d&rsquo;offrir \u00e0 ses clients de la grande r\u00e9gion de Laval, au Qu\u00e9bec au nord de l&rsquo;\u00eele de Montr\u00e9al, l&rsquo;<strong>\u00e9pilation\u00a0 Laval<\/strong>.<\/p><p>Nous proposons laser Nd: YAG pour l&rsquo;<em>\u00e9pilation peaux noire<\/em>, la meilleure technologie en termes de s\u00e9curit\u00e9 et d&rsquo;efficacit\u00e9 pour le traitement des patients \u00e0 peau noire, brune ou dite pigment\u00e9e.<\/p><p>Prenez rendez-vous en ligne (<a href=\"https:\/\/cliniquemec.com\/fr\/#book\">ici<\/a>) ou contactez-nous au <span style=\"color: #ff00ff;\"><a style=\"color: #ec65a5;\" href=\"http:\/\/+1-514-651-2632\" rel=\"nofollow\"><strong>(514) 651-CMEC (2632)<\/strong><\/a><\/span> et r\u00e9servez une \u00e9pilation laval gratuite pour une consultation \u00e9pilation peau noire Laval.<\/p>\t\t\t\t\t\t\t\t<\/div>\n\t\t\t\t\t<\/div>\n\t\t<\/div>\n\t\t\t\t\t<\/div>\n\t\t<\/section>\n\t\t\t\t<div class=\"elementor-element elementor-element-5a44cc4 elementor-widget elementor-widget-spacer\" data-id=\"5a44cc4\" data-element_type=\"widget\" data-e-type=\"widget\" data-widget_type=\"spacer.default\">\n\t\t\t\t\t\t\t<div class=\"elementor-spacer\">\n\t\t\t<div class=\"elementor-spacer-inner\"><\/div>\n\t\t<\/div>\n\t\t\t\t\t\t<\/div>\n\t\t\t\t<div class=\"elementor-element elementor-element-557a32ce elementor-widget elementor-widget-heading\" data-id=\"557a32ce\" data-element_type=\"widget\" data-e-type=\"widget\" id=\"Comment-utilisons-nous-le-laser-Nd-YAG\" data-widget_type=\"heading.default\">\n\t\t\t\t\t<h4 class=\"elementor-heading-title elementor-size-default\">Comment utilisons-nous le laser Nd: YAG dans l\u2019\u00e9pilation d\u00e9finitive des poils ind\u00e9sirables \u00e0 notre clinique \u00e0 Laval, Qu\u00e9bec au nord de l\u2019\u00eele de Montr\u00e9al?<\/h4>\t\t\t\t<\/div>\n\t\t\t\t<div class=\"elementor-element elementor-element-9109254 elementor-widget elementor-widget-heading\" data-id=\"9109254\" data-element_type=\"widget\" data-e-type=\"widget\" data-widget_type=\"heading.default\">\n\t\t\t\t\t<h2 class=\"elementor-heading-title elementor-size-default\">\u00c9PILATION LAVAL | \u00c9PILATION LASER | \u00c9PILATION PEAU FONC\u00c9E | \u00c9PILATION PEAU NOIRE  <\/h2>\t\t\t\t<\/div>\n\t\t\t\t<div class=\"elementor-element elementor-element-709a9ea8 elementor-widget elementor-widget-text-editor\" data-id=\"709a9ea8\" data-element_type=\"widget\" data-e-type=\"widget\" data-widget_type=\"text-editor.default\">\n\t\t\t\t\t\t\t\t\t<p>L&rsquo;\u00e9nergie lumineuse cr\u00e9\u00e9e par le laser Nd: YAG est absorb\u00e9e par le pigment (m\u00e9lanine) de la racine du poil.<\/p>\n<p>L&rsquo;effet de la chaleur produite par le laser Nd: YAG cr\u00e9e une diminution progressive de la taille des cheveux et une disparition du poil.<\/p>\n\t\t\t\t\t\t\t\t<\/div>\n\t\t\t\t<div class=\"elementor-element elementor-element-7244282c elementor-widget elementor-widget-text-editor\" data-id=\"7244282c\" data-element_type=\"widget\" data-e-type=\"widget\" data-widget_type=\"text-editor.default\">\n\t\t\t\t\t\t\t\t\t<p><strong>Traitement au laser Nd: Yag pour la pseudofolliculite de la barbe, les cicatrices et les taches<\/strong><\/p>\n\t\t\t\t\t\t\t\t<\/div>\n\t\t\t\t<div class=\"elementor-element elementor-element-20d1ee4 elementor-widget elementor-widget-image\" data-id=\"20d1ee4\" data-element_type=\"widget\" data-e-type=\"widget\" data-widget_type=\"image.default\">\n\t\t\t\t\t\t\t\t\t\t\t\t\t\t\t<img data-rjs=\"2\" decoding=\"async\" width=\"550\" height=\"301\" src=\"https:\/\/cliniquemec.com\/wp-content\/uploads\/2021\/02\/hair-removal-pigmented-skin-epilation-peau-pigmentee.jpg\" class=\"attachment-large size-large wp-image-1389\" alt=\"\u00c9pilation peau fonc\u00e9e et noire\" srcset=\"https:\/\/cliniquemec.com\/wp-content\/uploads\/2021\/02\/hair-removal-pigmented-skin-epilation-peau-pigmentee.jpg 550w, https:\/\/cliniquemec.com\/wp-content\/uploads\/2021\/02\/hair-removal-pigmented-skin-epilation-peau-pigmentee-300x164.jpg 300w, https:\/\/cliniquemec.com\/wp-content\/uploads\/2021\/02\/hair-removal-pigmented-skin-epilation-peau-pigmentee-183x100.jpg 183w, https:\/\/cliniquemec.com\/wp-content\/uploads\/2021\/02\/hair-removal-pigmented-skin-epilation-peau-pigmentee-146x80.jpg 146w, https:\/\/cliniquemec.com\/wp-content\/uploads\/2021\/02\/hair-removal-pigmented-skin-epilation-peau-pigmentee-394x216.jpg 394w, https:\/\/cliniquemec.com\/wp-content\/uploads\/2021\/02\/hair-removal-pigmented-skin-epilation-peau-pigmentee-150x82.jpg 150w\" sizes=\"(max-width: 550px) 100vw, 550px\" \/>\t\t\t\t\t\t\t\t\t\t\t\t\t\t\t<\/div>\n\t\t\t\t<div class=\"elementor-element elementor-element-5d9e1411 elementor-widget elementor-widget-text-editor\" data-id=\"5d9e1411\" data-element_type=\"widget\" data-e-type=\"widget\" data-widget_type=\"text-editor.default\">\n\t\t\t\t\t\t\t\t\t<p>(Toutes les photos publi\u00e9es \u00e0 titre informatif uniquement afin de fournir des informations sur la proc\u00e9dure. Elles ne constituent pas une garantie de r\u00e9sultats. Les r\u00e9sultats peuvent varier d&rsquo;une personne \u00e0 l&rsquo;autre)<\/p>\n\t\t\t\t\t\t\t\t<\/div>\n\t\t\t\t<div class=\"elementor-element elementor-element-08d7c0c elementor-widget elementor-widget-heading\" data-id=\"08d7c0c\" data-element_type=\"widget\" data-e-type=\"widget\" data-widget_type=\"heading.default\">\n\t\t\t\t\t<h2 class=\"elementor-heading-title elementor-size-default\">\u00c9PILATION LAVAL | \u00c9PILATION LASER | \u00c9PILATION PEAU FONC\u00c9E | \u00c9PILATION PEAU NOIRE  <\/h2>\t\t\t\t<\/div>\n\t\t\t\t<div class=\"elementor-element elementor-element-b4d46c2 elementor-widget elementor-widget-gallery\" data-id=\"b4d46c2\" data-element_type=\"widget\" data-e-type=\"widget\" data-settings=\"{&quot;columns&quot;:2,&quot;aspect_ratio&quot;:&quot;1:1&quot;,&quot;lazyload&quot;:&quot;yes&quot;,&quot;gallery_layout&quot;:&quot;grid&quot;,&quot;columns_tablet&quot;:2,&quot;columns_mobile&quot;:1,&quot;gap&quot;:{&quot;unit&quot;:&quot;px&quot;,&quot;size&quot;:10,&quot;sizes&quot;:[]},&quot;gap_tablet&quot;:{&quot;unit&quot;:&quot;px&quot;,&quot;size&quot;:10,&quot;sizes&quot;:[]},&quot;gap_mobile&quot;:{&quot;unit&quot;:&quot;px&quot;,&quot;size&quot;:10,&quot;sizes&quot;:[]},&quot;link_to&quot;:&quot;file&quot;,&quot;overlay_background&quot;:&quot;yes&quot;,&quot;content_hover_animation&quot;:&quot;fade-in&quot;}\" data-widget_type=\"gallery.default\">\n\t\t\t\t\t\t\t<div class=\"elementor-gallery__container\">\n\t\t\t\t\t\t\t<a class=\"e-gallery-item elementor-gallery-item elementor-animated-content\" href=\"https:\/\/cliniquemec.com\/wp-content\/uploads\/2021\/04\/laser-hair-removal-lip-chin-epilation-laser-levre-menton-favoris.jpg\" data-elementor-open-lightbox=\"yes\" data-elementor-lightbox-slideshow=\"b4d46c2\" data-e-action-hash=\"#elementor-action%3Aaction%3Dlightbox%26settings%3DeyJpZCI6MTk0OSwidXJsIjoiaHR0cHM6XC9cL2NsaW5pcXVlbWVjLmNvbVwvd3AtY29udGVudFwvdXBsb2Fkc1wvMjAyMVwvMDRcL2xhc2VyLWhhaXItcmVtb3ZhbC1saXAtY2hpbi1lcGlsYXRpb24tbGFzZXItbGV2cmUtbWVudG9uLWZhdm9yaXMuanBnIiwic2xpZGVzaG93IjoiYjRkNDZjMiJ9\">\n\t\t\t\t\t<div class=\"e-gallery-image elementor-gallery-item__image\" data-thumbnail=\"https:\/\/cliniquemec.com\/wp-content\/uploads\/2021\/04\/laser-hair-removal-lip-chin-epilation-laser-levre-menton-favoris.jpg\" data-width=\"1000\" data-height=\"1000\" aria-label=\"laser-hair-removal-lip-chin-epilation-laser-levre-menton-favoris\" role=\"img\" ><\/div>\n\t\t\t\t\t\t\t\t\t\t\t<div class=\"elementor-gallery-item__overlay\"><\/div>\n\t\t\t\t\t\t\t\t\t\t\t\t\t\t<\/a>\n\t\t\t\t\t\t\t<a class=\"e-gallery-item elementor-gallery-item elementor-animated-content\" href=\"https:\/\/cliniquemec.com\/wp-content\/uploads\/2021\/04\/laser-hair-removal-lip-chin-epilation-laser-levre-menton-ou-favoris.jpg\" data-elementor-open-lightbox=\"yes\" data-elementor-lightbox-slideshow=\"b4d46c2\" data-e-action-hash=\"#elementor-action%3Aaction%3Dlightbox%26settings%3DeyJpZCI6MTk1MSwidXJsIjoiaHR0cHM6XC9cL2NsaW5pcXVlbWVjLmNvbVwvd3AtY29udGVudFwvdXBsb2Fkc1wvMjAyMVwvMDRcL2xhc2VyLWhhaXItcmVtb3ZhbC1saXAtY2hpbi1lcGlsYXRpb24tbGFzZXItbGV2cmUtbWVudG9uLW91LWZhdm9yaXMuanBnIiwic2xpZGVzaG93IjoiYjRkNDZjMiJ9\">\n\t\t\t\t\t<div class=\"e-gallery-image elementor-gallery-item__image\" data-thumbnail=\"https:\/\/cliniquemec.com\/wp-content\/uploads\/2021\/04\/laser-hair-removal-lip-chin-epilation-laser-levre-menton-ou-favoris.jpg\" data-width=\"1000\" data-height=\"1000\" aria-label=\"laser-hair-removal-lip-chin-epilation-laser-levre-menton-ou-favoris\" role=\"img\" ><\/div>\n\t\t\t\t\t\t\t\t\t\t\t<div class=\"elementor-gallery-item__overlay\"><\/div>\n\t\t\t\t\t\t\t\t\t\t\t\t\t\t<\/a>\n\t\t\t\t\t\t\t<a class=\"e-gallery-item elementor-gallery-item elementor-animated-content\" href=\"https:\/\/cliniquemec.com\/wp-content\/uploads\/2021\/04\/laser-hair-removal-bikini-brazilian-epilation-laser-bikini-bresilien.jpg\" data-elementor-open-lightbox=\"yes\" data-elementor-lightbox-slideshow=\"b4d46c2\" data-e-action-hash=\"#elementor-action%3Aaction%3Dlightbox%26settings%3DeyJpZCI6MTk0MywidXJsIjoiaHR0cHM6XC9cL2NsaW5pcXVlbWVjLmNvbVwvd3AtY29udGVudFwvdXBsb2Fkc1wvMjAyMVwvMDRcL2xhc2VyLWhhaXItcmVtb3ZhbC1iaWtpbmktYnJhemlsaWFuLWVwaWxhdGlvbi1sYXNlci1iaWtpbmktYnJlc2lsaWVuLmpwZyIsInNsaWRlc2hvdyI6ImI0ZDQ2YzIifQ%3D%3D\">\n\t\t\t\t\t<div class=\"e-gallery-image elementor-gallery-item__image\" data-thumbnail=\"https:\/\/cliniquemec.com\/wp-content\/uploads\/2021\/04\/laser-hair-removal-bikini-brazilian-epilation-laser-bikini-bresilien.jpg\" data-width=\"1000\" data-height=\"1000\" aria-label=\"laser-hair-removal-bikini-brazilian-epilation-laser-bikini-bresilien\" role=\"img\" ><\/div>\n\t\t\t\t\t\t\t\t\t\t\t<div class=\"elementor-gallery-item__overlay\"><\/div>\n\t\t\t\t\t\t\t\t\t\t\t\t\t\t<\/a>\n\t\t\t\t\t\t\t<a class=\"e-gallery-item elementor-gallery-item elementor-animated-content\" href=\"https:\/\/cliniquemec.com\/wp-content\/uploads\/2021\/04\/laser-hair-removal-full-legs-epilation-laser-jambes-pleines.jpg\" data-elementor-open-lightbox=\"yes\" data-elementor-lightbox-slideshow=\"b4d46c2\" data-e-action-hash=\"#elementor-action%3Aaction%3Dlightbox%26settings%3DeyJpZCI6MTk1NywidXJsIjoiaHR0cHM6XC9cL2NsaW5pcXVlbWVjLmNvbVwvd3AtY29udGVudFwvdXBsb2Fkc1wvMjAyMVwvMDRcL2xhc2VyLWhhaXItcmVtb3ZhbC1mdWxsLWxlZ3MtZXBpbGF0aW9uLWxhc2VyLWphbWJlcy1wbGVpbmVzLmpwZyIsInNsaWRlc2hvdyI6ImI0ZDQ2YzIifQ%3D%3D\">\n\t\t\t\t\t<div class=\"e-gallery-image elementor-gallery-item__image\" data-thumbnail=\"https:\/\/cliniquemec.com\/wp-content\/uploads\/2021\/04\/laser-hair-removal-full-legs-epilation-laser-jambes-pleines.jpg\" data-width=\"1000\" data-height=\"1000\" aria-label=\"\" role=\"img\" ><\/div>\n\t\t\t\t\t\t\t\t\t\t\t<div class=\"elementor-gallery-item__overlay\"><\/div>\n\t\t\t\t\t\t\t\t\t\t\t\t\t\t<\/a>\n\t\t\t\t\t\t\t<a class=\"e-gallery-item elementor-gallery-item elementor-animated-content\" href=\"https:\/\/cliniquemec.com\/wp-content\/uploads\/2021\/04\/laser-hair-removal-half-legs-epilation-laser-demi-jambes.jpg\" data-elementor-open-lightbox=\"yes\" data-elementor-lightbox-slideshow=\"b4d46c2\" data-e-action-hash=\"#elementor-action%3Aaction%3Dlightbox%26settings%3DeyJpZCI6MTk0NywidXJsIjoiaHR0cHM6XC9cL2NsaW5pcXVlbWVjLmNvbVwvd3AtY29udGVudFwvdXBsb2Fkc1wvMjAyMVwvMDRcL2xhc2VyLWhhaXItcmVtb3ZhbC1oYWxmLWxlZ3MtZXBpbGF0aW9uLWxhc2VyLWRlbWktamFtYmVzLmpwZyIsInNsaWRlc2hvdyI6ImI0ZDQ2YzIifQ%3D%3D\">\n\t\t\t\t\t<div class=\"e-gallery-image elementor-gallery-item__image\" data-thumbnail=\"https:\/\/cliniquemec.com\/wp-content\/uploads\/2021\/04\/laser-hair-removal-half-legs-epilation-laser-demi-jambes.jpg\" data-width=\"1000\" data-height=\"1000\" aria-label=\"laser-hair-removal-half-legs-epilation-laser-demi-jambes\" role=\"img\" ><\/div>\n\t\t\t\t\t\t\t\t\t\t\t<div class=\"elementor-gallery-item__overlay\"><\/div>\n\t\t\t\t\t\t\t\t\t\t\t\t\t\t<\/a>\n\t\t\t\t\t\t\t<a class=\"e-gallery-item elementor-gallery-item elementor-animated-content\" href=\"https:\/\/cliniquemec.com\/wp-content\/uploads\/2021\/04\/laser-hair-removal-underarms-epilation-laser-aisselles.jpg\" data-elementor-open-lightbox=\"yes\" data-elementor-lightbox-slideshow=\"b4d46c2\" data-e-action-hash=\"#elementor-action%3Aaction%3Dlightbox%26settings%3DeyJpZCI6MTk1MywidXJsIjoiaHR0cHM6XC9cL2NsaW5pcXVlbWVjLmNvbVwvd3AtY29udGVudFwvdXBsb2Fkc1wvMjAyMVwvMDRcL2xhc2VyLWhhaXItcmVtb3ZhbC11bmRlcmFybXMtZXBpbGF0aW9uLWxhc2VyLWFpc3NlbGxlcy5qcGciLCJzbGlkZXNob3ciOiJiNGQ0NmMyIn0%3D\">\n\t\t\t\t\t<div class=\"e-gallery-image elementor-gallery-item__image\" data-thumbnail=\"https:\/\/cliniquemec.com\/wp-content\/uploads\/2021\/04\/laser-hair-removal-underarms-epilation-laser-aisselles.jpg\" data-width=\"1000\" data-height=\"1000\" aria-label=\"laser-hair-removal-underarms-epilation-laser-aisselles\" role=\"img\" ><\/div>\n\t\t\t\t\t\t\t\t\t\t\t<div class=\"elementor-gallery-item__overlay\"><\/div>\n\t\t\t\t\t\t\t\t\t\t\t\t\t\t<\/a>\n\t\t\t\t\t\t\t<a class=\"e-gallery-item elementor-gallery-item elementor-animated-content\" href=\"https:\/\/cliniquemec.com\/wp-content\/uploads\/2021\/04\/laser-hair-removal-back-epilation-laser-au-dos.jpg\" data-elementor-open-lightbox=\"yes\" data-elementor-lightbox-slideshow=\"b4d46c2\" data-e-action-hash=\"#elementor-action%3Aaction%3Dlightbox%26settings%3DeyJpZCI6MTk0MSwidXJsIjoiaHR0cHM6XC9cL2NsaW5pcXVlbWVjLmNvbVwvd3AtY29udGVudFwvdXBsb2Fkc1wvMjAyMVwvMDRcL2xhc2VyLWhhaXItcmVtb3ZhbC1iYWNrLWVwaWxhdGlvbi1sYXNlci1hdS1kb3MuanBnIiwic2xpZGVzaG93IjoiYjRkNDZjMiJ9\">\n\t\t\t\t\t<div class=\"e-gallery-image elementor-gallery-item__image\" data-thumbnail=\"https:\/\/cliniquemec.com\/wp-content\/uploads\/2021\/04\/laser-hair-removal-back-epilation-laser-au-dos.jpg\" data-width=\"1000\" data-height=\"1000\" aria-label=\"laser-hair-removal-back-epilation-laser-au-dos\" role=\"img\" ><\/div>\n\t\t\t\t\t\t\t\t\t\t\t<div class=\"elementor-gallery-item__overlay\"><\/div>\n\t\t\t\t\t\t\t\t\t\t\t\t\t\t<\/a>\n\t\t\t\t\t\t\t<a class=\"e-gallery-item elementor-gallery-item elementor-animated-content\" href=\"https:\/\/cliniquemec.com\/wp-content\/uploads\/2021\/04\/laser-hair-removal-arms-epilation-laser-les-bras.jpg\" data-elementor-open-lightbox=\"yes\" data-elementor-lightbox-slideshow=\"b4d46c2\" data-e-action-hash=\"#elementor-action%3Aaction%3Dlightbox%26settings%3DeyJpZCI6MTkzOSwidXJsIjoiaHR0cHM6XC9cL2NsaW5pcXVlbWVjLmNvbVwvd3AtY29udGVudFwvdXBsb2Fkc1wvMjAyMVwvMDRcL2xhc2VyLWhhaXItcmVtb3ZhbC1hcm1zLWVwaWxhdGlvbi1sYXNlci1sZXMtYnJhcy5qcGciLCJzbGlkZXNob3ciOiJiNGQ0NmMyIn0%3D\">\n\t\t\t\t\t<div class=\"e-gallery-image elementor-gallery-item__image\" data-thumbnail=\"https:\/\/cliniquemec.com\/wp-content\/uploads\/2021\/04\/laser-hair-removal-arms-epilation-laser-les-bras.jpg\" data-width=\"1000\" data-height=\"1000\" aria-label=\"laser-hair-removal-arms-epilation-laser-les-bras\" role=\"img\" ><\/div>\n\t\t\t\t\t\t\t\t\t\t\t<div class=\"elementor-gallery-item__overlay\"><\/div>\n\t\t\t\t\t\t\t\t\t\t\t\t\t\t<\/a>\n\t\t\t\t\t<\/div>\n\t\t\t\t\t<\/div>\n\t\t\t\t<div class=\"elementor-element elementor-element-33cfc6a elementor-widget elementor-widget-text-editor\" data-id=\"33cfc6a\" data-element_type=\"widget\" data-e-type=\"widget\" data-widget_type=\"text-editor.default\">\n\t\t\t\t\t\t\t\t\t<p>L\u2019<strong data-start=\"85\" data-end=\"104\">\u00e9pilation laser<\/strong> est aujourd\u2019hui l\u2019une des solutions les plus efficaces et durables pour \u00e9liminer les poils ind\u00e9sirables sur le visage et le corps. Gr\u00e2ce \u00e0 des technologies m\u00e9dicales de pointe, cette m\u00e9thode cible directement le follicule pileux afin de ralentir et r\u00e9duire la repousse, tout en respectant la s\u00e9curit\u00e9 de la peau. Que vous ayez la peau claire, fonc\u00e9e ou sensible, l\u2019<strong data-start=\"470\" data-end=\"489\">\u00e9pilation laser<\/strong> permet d\u2019obtenir une peau lisse, nette et soyeuse apr\u00e8s quelques s\u00e9ances seulement. Id\u00e9ale pour les femmes et les hommes, elle repr\u00e9sente un investissement \u00e0 long terme qui remplace le rasage, la cire et les autres m\u00e9thodes temporaires.<\/p>\t\t\t\t\t\t\t\t<\/div>\n\t\t\t\t<div class=\"elementor-element elementor-element-2394437 elementor-widget elementor-widget-heading\" data-id=\"2394437\" data-element_type=\"widget\" data-e-type=\"widget\" data-widget_type=\"heading.default\">\n\t\t\t\t\t<h2 class=\"elementor-heading-title elementor-size-default\">\u00c9PILATION LAVAL | \u00c9PILATION LASER | \u00c9PILATION PEAU FONC\u00c9E | \u00c9PILATION PEAU NOIRE  <\/h2>\t\t\t\t<\/div>\n\t\t\t\t<div class=\"elementor-element elementor-element-b8854d6 elementor-widget elementor-widget-text-editor\" data-id=\"b8854d6\" data-element_type=\"widget\" data-e-type=\"widget\" data-widget_type=\"text-editor.default\">\n\t\t\t\t\t\t\t\t\t<p data-start=\"124\" data-end=\"367\"><strong data-start=\"124\" data-end=\"176\">L\u2019\u00e9pilation laser est-elle permanente ?<\/strong><br data-start=\"176\" data-end=\"179\" \/>\u00a0L\u2019<strong data-start=\"186\" data-end=\"205\">\u00e9pilation laser<\/strong> r\u00e9duit durablement la repousse des poils. La majorit\u00e9 disparaissent apr\u00e8s quelques s\u00e9ances, mais de l\u00e9g\u00e8res retouches peuvent \u00eatre n\u00e9cessaires au fil du temps.<\/p><p data-start=\"369\" data-end=\"603\"><strong data-start=\"369\" data-end=\"440\">L\u2019\u00e9pilation laser convient-elle \u00e0 tous les types de peau ?<\/strong><br data-start=\"440\" data-end=\"443\" \/>Oui. Les lasers m\u00e9dicaux modernes traitent efficacement peaux claires, fonc\u00e9es et sensibles, avec des protocoles s\u00e9curitaires adapt\u00e9s \u00e0 chaque phototype.<\/p><p data-start=\"605\" data-end=\"824\"><strong data-start=\"605\" data-end=\"680\">Combien de s\u00e9ances faut-il pour une \u00e9pilation laser compl\u00e8te ?<\/strong><br data-start=\"680\" data-end=\"683\" \/>En moyenne 6 \u00e0 8 s\u00e9ances espac\u00e9es de quelques semaines sont n\u00e9cessaires pour des r\u00e9sultats optimaux, selon la zone et le type de poil.<\/p><p data-start=\"826\" data-end=\"1085\"><strong data-start=\"826\" data-end=\"885\">Est-ce que l\u2019\u00e9pilation laser est douloureuse ?<\/strong><br data-start=\"885\" data-end=\"888\" \/>La plupart des patients ressentent un l\u00e9ger picotement ou une sensation de chaleur, mais les appareils r\u00e9cents disposent de syst\u00e8mes de refroidissement qui rendent le traitement confortable.<\/p><p data-start=\"1087\" data-end=\"1349\"><strong data-start=\"1087\" data-end=\"1163\">Quelles zones du corps peut-on traiter avec l\u2019\u00e9pilation laser ?<\/strong><br data-start=\"1163\" data-end=\"1166\" \/>L\u2019<strong data-start=\"1173\" data-end=\"1192\">\u00e9pilation laser<\/strong> peut \u00eatre effectu\u00e9e sur presque toutes les zones : jambes, bras, aisselles, maillot, visage, dos et torse, aussi bien pour les femmes que pour les hommes.<\/p><p data-start=\"1351\" data-end=\"1653\"><strong data-start=\"1351\" data-end=\"1440\">Quelle est la diff\u00e9rence entre l\u2019\u00e9pilation laser et l\u2019IPL (lumi\u00e8re puls\u00e9e) ?<\/strong><br data-start=\"1440\" data-end=\"1443\" \/>L\u2019<strong data-start=\"1450\" data-end=\"1469\">\u00e9pilation laser<\/strong> utilise un faisceau cibl\u00e9 qui p\u00e9n\u00e8tre plus profond\u00e9ment dans le follicule pileux, offrant des r\u00e9sultats plus rapides, plus durables et plus s\u00e9curitaires que la lumi\u00e8re puls\u00e9e (IPL).<\/p><p data-start=\"1655\" data-end=\"1923\"><strong data-start=\"1655\" data-end=\"1733\">Quels soins sont n\u00e9cessaires apr\u00e8s une s\u00e9ance d\u2019\u00e9pilation laser ?<\/strong><br data-start=\"1733\" data-end=\"1736\" \/>Il est recommand\u00e9 d\u2019\u00e9viter l\u2019exposition au soleil, d\u2019appliquer une cr\u00e8me hydratante apaisante et d\u2019utiliser une protection solaire \u00e9lev\u00e9e sur la zone trait\u00e9e pour prot\u00e9ger la peau.<\/p>\t\t\t\t\t\t\t\t<\/div>\n\t\t\t\t<div class=\"elementor-element elementor-element-d76eb23 elementor-widget elementor-widget-heading\" data-id=\"d76eb23\" data-element_type=\"widget\" data-e-type=\"widget\" data-widget_type=\"heading.default\">\n\t\t\t\t\t<h2 class=\"elementor-heading-title elementor-size-default\">\u00c9PILATION LAVAL | \u00c9PILATION LASER | \u00c9PILATION PEAU FONC\u00c9E | \u00c9PILATION PEAU NOIRE  <\/h2>\t\t\t\t<\/div>\n\t\t\t\t<div class=\"elementor-element elementor-element-d09b9c4 elementor-widget elementor-widget-text-editor\" data-id=\"d09b9c4\" data-element_type=\"widget\" data-e-type=\"widget\" data-widget_type=\"text-editor.default\">\n\t\t\t\t\t\t\t\t\t<p data-start=\"108\" data-end=\"346\"><strong data-start=\"108\" data-end=\"154\">O\u00f9 faire de l\u2019\u00e9pilation \u00e0 Laval ?<\/strong><br data-start=\"154\" data-end=\"157\" \/>\u00a0Vous pouvez r\u00e9aliser votre <strong data-start=\"189\" data-end=\"210\">\u00e9pilation \u00e0 Laval<\/strong> dans une clinique m\u00e9dico-esth\u00e9tique sp\u00e9cialis\u00e9e offrant des technologies m\u00e9dicales s\u00e9curitaires et adapt\u00e9es \u00e0 tous les types de peau.<\/p><p data-start=\"348\" data-end=\"591\"><strong data-start=\"348\" data-end=\"416\">Quels sont les avantages de l\u2019\u00e9pilation laser \u00e0 Laval ?<\/strong><br data-start=\"416\" data-end=\"419\" \/>L\u2019<strong data-start=\"426\" data-end=\"453\">\u00e9pilation laser \u00e0 Laval<\/strong> permet une r\u00e9duction durable de la repousse, une peau lisse et nette, et \u00e9vite les irritations fr\u00e9quentes li\u00e9es au rasage ou \u00e0 la cire.<\/p><p data-start=\"593\" data-end=\"854\"><strong data-start=\"593\" data-end=\"658\">Combien co\u00fbte une s\u00e9ance d\u2019\u00e9pilation laser \u00e0 Laval ?<\/strong><br data-start=\"658\" data-end=\"661\" \/>Les tarifs d\u2019<strong data-start=\"679\" data-end=\"700\">\u00e9pilation \u00e0 Laval<\/strong> varient selon la zone trait\u00e9e. En moyenne, les petites zones co\u00fbtent entre 100 $ et 150 $, tandis que les grandes zones peuvent aller de 250 $ \u00e0 400 $.<\/p><p data-start=\"856\" data-end=\"1125\"><strong data-start=\"856\" data-end=\"940\">Est-ce que l\u2019\u00e9pilation \u00e0 Laval est s\u00e9curitaire pour les peaux fonc\u00e9es ?<\/strong><br data-start=\"940\" data-end=\"943\" \/>Oui. Les cliniques sp\u00e9cialis\u00e9es \u00e0 Laval utilisent des lasers de derni\u00e8re g\u00e9n\u00e9ration con\u00e7us pour traiter efficacement les peaux claires, fonc\u00e9es et sensibles en toute s\u00e9curit\u00e9.<\/p><p data-start=\"1127\" data-end=\"1375\"><strong data-start=\"1127\" data-end=\"1213\">Combien de s\u00e9ances sont n\u00e9cessaires pour une \u00e9pilation compl\u00e8te \u00e0 Laval ?<\/strong><br data-start=\"1213\" data-end=\"1216\" \/>En g\u00e9n\u00e9ral, il faut pr\u00e9voir entre 6 et 8 s\u00e9ances pour obtenir des r\u00e9sultats optimaux, car le laser agit uniquement sur les poils en phase de croissance.<\/p><p data-start=\"1377\" data-end=\"1647\"><strong data-start=\"1377\" data-end=\"1468\">Pourquoi choisir une clinique m\u00e9dico-esth\u00e9tique pour votre \u00e9pilation \u00e0 Laval ?<\/strong><br data-start=\"1468\" data-end=\"1471\" \/>Une clinique sp\u00e9cialis\u00e9e \u00e0 Laval vous garantit un protocole personnalis\u00e9, des appareils certifi\u00e9s, et un suivi professionnel pour des r\u00e9sultats visibles et s\u00e9curitaires.<\/p>\t\t\t\t\t\t\t\t<\/div>\n\t\t\t\t<div class=\"elementor-element elementor-element-e9165ae elementor-widget elementor-widget-spacer\" data-id=\"e9165ae\" data-element_type=\"widget\" data-e-type=\"widget\" data-widget_type=\"spacer.default\">\n\t\t\t\t\t\t\t<div class=\"elementor-spacer\">\n\t\t\t<div class=\"elementor-spacer-inner\"><\/div>\n\t\t<\/div>\n\t\t\t\t\t\t<\/div>\n\t\t\t\t<div class=\"elementor-element elementor-element-88ccb99 elementor-widget elementor-widget-heading\" data-id=\"88ccb99\" data-element_type=\"widget\" data-e-type=\"widget\" data-widget_type=\"heading.default\">\n\t\t\t\t\t<h2 class=\"elementor-heading-title elementor-size-default\">\u00c9PILATION LAVAL | \u00c9PILATION LASER | \u00c9PILATION PEAU FONC\u00c9E | \u00c9PILATION PEAU NOIRE  <\/h2>\t\t\t\t<\/div>\n\t\t\t\t<div class=\"elementor-element elementor-element-19a2482e elementor-widget elementor-widget-heading\" data-id=\"19a2482e\" data-element_type=\"widget\" data-e-type=\"widget\" id=\"Pourquoi-la-technologie-Laser-Nd-YAG\" data-widget_type=\"heading.default\">\n\t\t\t\t\t<h4 class=\"elementor-heading-title elementor-size-default\">Pourquoi la technologie Laser Nd: YAG sup\u00e9rieure aux autres technologies laser pour traiter la peau fonc\u00e9e?<\/h4>\t\t\t\t<\/div>\n\t\t\t\t<div class=\"elementor-element elementor-element-3c427ff9 elementor-widget elementor-widget-text-editor\" data-id=\"3c427ff9\" data-element_type=\"widget\" data-e-type=\"widget\" data-widget_type=\"text-editor.default\">\n\t\t\t\t\t\t\t\t\t<p>Une solution aux probl\u00e8mes acn\u00e9, de poils incarn\u00e9s de la barbe, taches pigmentaires caus\u00e9es par le rasage et keloidienne de la nuque ou l\u2019\u00e9pilation \u00e0 la cire r\u00e9p\u00e9titive Si le type de laser choisi n\u2019est pas adapt\u00e9 ou adapt\u00e9 aux peaux fonc\u00e9es, le traitement ne sera pas efficace et il peut \u00e9galement br\u00fbler la peau.<\/p>\n<p>\u00c0 la Clinique M\u00e9dico Esth\u00e9tique Complexions \u00abnotre priorit\u00e9 est la s\u00e9curit\u00e9 de nos clients, c\u2019est pourquoi il n\u2019y a pas de compromis lorsqu\u2019il s\u2019agit de choisir la meilleure technologie pour l\u2019\u00e9pilation laser peau fonc\u00e9e.<\/p>\n<p>Le laser Nd:Yag \u00e0 impulsion longue permet de contourner la pigmentation de surface de la peau fonc\u00e9e et de cibler efficacement la racine du poil sans ab\u00eemer ou brule la peau. Pour ces raisons, le laser Nd:Yag est la meilleur technologie de choix pour l\u2019\u00e9pilation laser sur les peaux fonc\u00e9es de phototypes IV, V et VI.<\/p>\n\t\t\t\t\t\t\t\t<\/div>\n\t\t\t\t<div class=\"elementor-element elementor-element-5eef39d elementor-widget elementor-widget-spacer\" data-id=\"5eef39d\" data-element_type=\"widget\" data-e-type=\"widget\" data-widget_type=\"spacer.default\">\n\t\t\t\t\t\t\t<div class=\"elementor-spacer\">\n\t\t\t<div class=\"elementor-spacer-inner\"><\/div>\n\t\t<\/div>\n\t\t\t\t\t\t<\/div>\n\t\t\t\t<div class=\"elementor-element elementor-element-672937b4 elementor-widget elementor-widget-heading\" data-id=\"672937b4\" data-element_type=\"widget\" data-e-type=\"widget\" id=\"Combien-de-seances-sont-requises\" data-widget_type=\"heading.default\">\n\t\t\t\t\t<h4 class=\"elementor-heading-title elementor-size-default\">Comment se d\u00e9roule le traitement d\u2019\u00e9pilation au laser sur peau fonc\u00e9e? Combien de s\u00e9ances sont requises?\n<\/h4>\t\t\t\t<\/div>\n\t\t\t\t<div class=\"elementor-element elementor-element-b4f5440 elementor-widget elementor-widget-text-editor\" data-id=\"b4f5440\" data-element_type=\"widget\" data-e-type=\"widget\" data-widget_type=\"text-editor.default\">\n\t\t\t\t\t\t\t\t\t<p>\u00c0 notre clinique de Laval, Qu\u00e9bec au nord de l&rsquo;\u00eele de Montr\u00e9al, une s\u00e9ance dure de 15 \u00e0 30 minutes selon la taille et le nombre de zones \u00e0 traiter.<\/p><p>Pour des r\u00e9sultats optimaux, en moyenne entre 5 et 7 s\u00e9ances sont n\u00e9cessaires.<\/p>\t\t\t\t\t\t\t\t<\/div>\n\t\t\t\t<div class=\"elementor-element elementor-element-3efdb94 elementor-widget elementor-widget-spacer\" data-id=\"3efdb94\" data-element_type=\"widget\" data-e-type=\"widget\" data-widget_type=\"spacer.default\">\n\t\t\t\t\t\t\t<div class=\"elementor-spacer\">\n\t\t\t<div class=\"elementor-spacer-inner\"><\/div>\n\t\t<\/div>\n\t\t\t\t\t\t<\/div>\n\t\t\t\t<div class=\"elementor-element elementor-element-77676fbb elementor-widget elementor-widget-heading\" data-id=\"77676fbb\" data-element_type=\"widget\" data-e-type=\"widget\" id=\"Solution-aux-problemes-acne-de-poils-incarnes-de-la-barbe-tache-pigmentaires\" data-widget_type=\"heading.default\">\n\t\t\t\t\t<h5 class=\"elementor-heading-title elementor-size-default\">Une solution aux probl\u00e8mes acn\u00e9, de poils incarn\u00e9s de la barbe, taches pigmentaires caus\u00e9es par le rasage et keloidienne de la nuque ou l\u2019\u00e9pilation \u00e0 la cire r\u00e9p\u00e9titive\n<\/h5>\t\t\t\t<\/div>\n\t\t\t\t<div class=\"elementor-element elementor-element-3494cf72 elementor-widget elementor-widget-text-editor\" data-id=\"3494cf72\" data-element_type=\"widget\" data-e-type=\"widget\" data-widget_type=\"text-editor.default\">\n\t\t\t\t\t\t\t\t\t<p>\u00c0 cause de la nature fris\u00e9e ou cr\u00e9pue du poil chez certains clients noirs ou d\u2019origine moyen-orientales et m\u00e9diterran\u00e9enne, cicatrices, les poils incarn\u00e9s et taches pigmentaires associ\u00e9s au rasage peuvent devenir un probl\u00e8me majeur.<\/p>\n\t\t\t\t\t\t\t\t<\/div>\n\t\t\t\t<div class=\"elementor-element elementor-element-4e4b98d elementor-widget elementor-widget-heading\" data-id=\"4e4b98d\" data-element_type=\"widget\" data-e-type=\"widget\" data-widget_type=\"heading.default\">\n\t\t\t\t\t<h2 class=\"elementor-heading-title elementor-size-default\">\u00c9PILATION LAVAL | \u00c9PILATION LASER | \u00c9PILATION PEAU FONC\u00c9E | \u00c9PILATION PEAU NOIRE  <\/h2>\t\t\t\t<\/div>\n\t\t\t\t<div class=\"elementor-element elementor-element-02cdcde elementor-widget elementor-widget-spacer\" data-id=\"02cdcde\" data-element_type=\"widget\" data-e-type=\"widget\" data-widget_type=\"spacer.default\">\n\t\t\t\t\t\t\t<div class=\"elementor-spacer\">\n\t\t\t<div class=\"elementor-spacer-inner\"><\/div>\n\t\t<\/div>\n\t\t\t\t\t\t<\/div>\n\t\t\t\t<div class=\"elementor-element elementor-element-7c465b54 elementor-widget elementor-widget-text-editor\" data-id=\"7c465b54\" data-element_type=\"widget\" data-e-type=\"widget\" id=\"Problemes-de-couleur-de-peau-et-de-cicatrice\" data-widget_type=\"text-editor.default\">\n\t\t\t\t\t\t\t\t\t<h4><strong>Probl\u00e8mes de couleur de peau et de cicatrice?<\/strong><\/h4>\n<p><em>L\u2019\u00e9pilation peau fonc\u00e9e et noire<\/em> au laser Nd:Yag pour peau fonc\u00e9 repr\u00e9sente une solution efficace et d\u00e9finitive pour ces probl\u00e8mes.<\/p>\n<p>La technologie Nd:Yag s\u2019ajoute aux autres technologies laser, soins de la peau sp\u00e9cialis\u00e9s pour la peau fonc\u00e9e et peeling qui vous sont offerts par l\u2019\u00e9quipe professionnelle de la Clinique M\u00e9dico Esth\u00e9tique Complexions.<\/p>\n\t\t\t\t\t\t\t\t<\/div>\n\t\t\t\t<div class=\"elementor-element elementor-element-42f6787 elementor-widget elementor-widget-spacer\" data-id=\"42f6787\" data-element_type=\"widget\" data-e-type=\"widget\" data-widget_type=\"spacer.default\">\n\t\t\t\t\t\t\t<div class=\"elementor-spacer\">\n\t\t\t<div class=\"elementor-spacer-inner\"><\/div>\n\t\t<\/div>\n\t\t\t\t\t\t<\/div>\n\t\t\t\t<div class=\"elementor-element elementor-element-0a51fd2 elementor-widget elementor-widget-heading\" data-id=\"0a51fd2\" data-element_type=\"widget\" data-e-type=\"widget\" data-widget_type=\"heading.default\">\n\t\t\t\t\t<h4 class=\"elementor-heading-title elementor-size-default\">Combien de temps faut-il \u00e0 la pigmentation pour s'estomper apr\u00e8s le laser?<\/h4>\t\t\t\t<\/div>\n\t\t\t\t<div class=\"elementor-element elementor-element-3c872cf elementor-widget elementor-widget-text-editor\" data-id=\"3c872cf\" data-element_type=\"widget\" data-e-type=\"widget\" data-widget_type=\"text-editor.default\">\n\t\t\t\t\t\t\t\t\t<div id=\"_0YZHYNyxCcym_QbPvoLgCg10\" class=\"mWyH1d FXMOpb\" tabindex=\"0\" role=\"button\" aria-controls=\"_0YZHYNyxCcym_QbPvoLgCg9\" aria-expanded=\"true\">\n<div class=\"hide-focus-ring cbphWd\" data-kt=\"KjGqgtaAson65rEBgLfdxIyx-e-5AZ6ou8zkgp69ywG016OIgpTjzsAB-Mntw9Cmru96\" data-hveid=\"CAsQBQ\" data-ved=\"2ahUKEwic3pPHtqPvAhVMU98KHU-fAKwQuk4oAHoECAsQBQ\">4-6 semaines<\/div>\n<\/div>\n<div id=\"_0YZHYNyxCcym_QbPvoLgCg9\" class=\"gy6Qzb oNjtBb V1sL5c\" aria-labelledby=\"_0YZHYNyxCcym_QbPvoLgCg10\">\n<div class=\"y8URue\" data-hveid=\"CAsQBg\" data-ved=\"2ahUKEwic3pPHtqPvAhVMU98KHU-fAKwQu04oAXoECAsQBg\">\n<div class=\"wDYxhc NFQFxe viOShc LKPcQc\" data-md=\"25\">\n<div class=\"HwtpBd gsrt PZPZlf kTOYnf\" role=\"heading\" aria-level=\"3\" data-hveid=\"CAkQAA\" data-ved=\"2ahUKEwic3pPHtqPvAhVMU98KHU-fAKwQtwcoADACegQICRAA\">\n<div class=\"yxAsKe\"> <\/div>\n<\/div>\n<\/div>\n<div class=\"VWE0hc\">\n<div class=\"wDYxhc\" data-md=\"61\">\n<div class=\"LGOjhe\" role=\"heading\" data-attrid=\"wa:\/description\" aria-level=\"3\" data-hveid=\"CAYQAA\"><span class=\"ILfuVd NA6bn\"><span class=\"hgKElc\">L&rsquo;\u00e9limination de la pigmentation au laser fonctionne en \u00e9liminant les pigments \u00e0 la surface de votre peau \u00e0 travers le syst\u00e8me lymphatique de votre corps. Votre pigmentation peut s&rsquo;\u00e9claircir, s&rsquo;assombrir, s&rsquo;estomper ou m\u00eame sembler n&rsquo;avoir aucun changement imm\u00e9diatement apr\u00e8s le traitement d&rsquo;\u00e9pilation au laser. En moyenne, il faut g\u00e9n\u00e9ralement <b>4 \u00e0 6 semaines<\/b> \u00e0 votre corps pour traiter le pigment.<\/span><\/span><\/div>\n<\/div>\n<\/div>\n<\/div>\n<\/div>\n\t\t\t\t\t\t\t\t<\/div>\n\t\t\t\t<div class=\"elementor-element elementor-element-c1559ca elementor-widget elementor-widget-spacer\" data-id=\"c1559ca\" data-element_type=\"widget\" data-e-type=\"widget\" data-widget_type=\"spacer.default\">\n\t\t\t\t\t\t\t<div class=\"elementor-spacer\">\n\t\t\t<div class=\"elementor-spacer-inner\"><\/div>\n\t\t<\/div>\n\t\t\t\t\t\t<\/div>\n\t\t\t\t<div class=\"elementor-element elementor-element-1ac462f elementor-widget elementor-widget-spacer\" data-id=\"1ac462f\" data-element_type=\"widget\" data-e-type=\"widget\" data-widget_type=\"spacer.default\">\n\t\t\t\t\t\t\t<div class=\"elementor-spacer\">\n\t\t\t<div class=\"elementor-spacer-inner\"><\/div>\n\t\t<\/div>\n\t\t\t\t\t\t<\/div>\n\t\t\t\t<div class=\"elementor-element elementor-element-fa97d14 elementor-widget elementor-widget-heading\" data-id=\"fa97d14\" data-element_type=\"widget\" data-e-type=\"widget\" data-widget_type=\"heading.default\">\n\t\t\t\t\t<h4 class=\"elementor-heading-title elementor-size-default\">Choses \u00e0 \u00e9viter apr\u00e8s l'\u00e9pilation au laser:<\/h4>\t\t\t\t<\/div>\n\t\t\t\t<div class=\"elementor-element elementor-element-89f1ede elementor-widget elementor-widget-text-editor\" data-id=\"89f1ede\" data-element_type=\"widget\" data-e-type=\"widget\" data-widget_type=\"text-editor.default\">\n\t\t\t\t\t\t\t\t\t<div id=\"_0YZHYNyxCcym_QbPvoLgCg10\" class=\"mWyH1d FXMOpb\" tabindex=\"0\" role=\"button\" aria-controls=\"_0YZHYNyxCcym_QbPvoLgCg9\" aria-expanded=\"true\"><div class=\"hide-focus-ring cbphWd\" data-kt=\"KjGqgtaAson65rEBgLfdxIyx-e-5AZ6ou8zkgp69ywG016OIgpTjzsAB-Mntw9Cmru96\" data-hveid=\"CAsQBQ\" data-ved=\"2ahUKEwic3pPHtqPvAhVMU98KHU-fAKwQuk4oAHoECAsQBQ\"><p><strong>SOINS POST-TRAITEMENT AVEC \u00c9PILATION AU LASER<\/strong><\/p><p>\u00c9vitez une exposition prolong\u00e9e aux UV (soleil) pendant 7 jours apr\u00e8s le traitement.<\/p><ul><li>Si des cloques apparaissent, ne percez pas. Si la peau est cass\u00e9e, appliquez une pommade antibiotique jusqu&rsquo;\u00e0 gu\u00e9rison.<\/li><li>Les m\u00e9dicaments en vente libre sont recommand\u00e9s pour l&rsquo;inconfort post-traitement. Vous pouvez \u00e9galement appliquer du gel r\u00e9parateur (le plus recommand\u00e9), des serviettes fra\u00eeches, des blocs de glace ou de l&rsquo;aloe vera pour soulager l&rsquo;inconfort d\u00fb \u00e0 la chaleur.<\/li><li>\u00c9vitez d&rsquo;utiliser des chauffe-si\u00e8ges d&rsquo;auto imm\u00e9diatement apr\u00e8s le traitement.<\/li><li>\u00c9vitez tout traitement au laser suppl\u00e9mentaire ou toute proc\u00e9dure chimique sur la zone trait\u00e9e pendant au moins 2 semaines apr\u00e8s le traitement ou jusqu&rsquo;\u00e0 la gu\u00e9rison.<\/li><li>Exfoliez les zones trait\u00e9es pour minimiser le risque de poils incarn\u00e9s.<\/li><li>L&rsquo;utilisation d&rsquo;un large spectre UVA \/ UVB SPF 30 ou plus est essentielle lors de la r\u00e9ception de traitements au laser et est recommand\u00e9e en continu pour la maintenance.<\/li><li>Si vous ressentez des effets secondaires, tels qu&rsquo;une hypo- ou hyperpigmentation, une rougeur ou un gonflement prolong\u00e9, une r\u00e9action \u00e0 l&rsquo;histamine ou des cloques, appelez-nous ou rendez-nous visite pour obtenir des instructions sur le traitement.<\/li><li>Pour obtenir les meilleurs r\u00e9sultats, compl\u00e9tez le programme de traitement complet aux intervalles recommand\u00e9s par votre technicien.<\/li><\/ul><p><strong><em>Comprendre le processus d&rsquo;\u00e9pilation vous aidera \u00e0 savoir quand planifier votre ou vos prochains rendez-vous afin d&rsquo;obtenir les meilleurs r\u00e9sultats cliniques.<\/em><\/strong><\/p><\/div><\/div>\t\t\t\t\t\t\t\t<\/div>\n\t\t\t\t<div class=\"elementor-element elementor-element-7455c0d elementor-widget elementor-widget-heading\" data-id=\"7455c0d\" data-element_type=\"widget\" data-e-type=\"widget\" data-widget_type=\"heading.default\">\n\t\t\t\t\t<h2 class=\"elementor-heading-title elementor-size-default\">\u00c9PILATION LAVAL | \u00c9PILATION LASER | \u00c9PILATION PEAU FONC\u00c9E | \u00c9PILATION PEAU NOIRE  <\/h2>\t\t\t\t<\/div>\n\t\t\t\t<div class=\"elementor-element elementor-element-aa84b15 elementor-widget elementor-widget-spacer\" data-id=\"aa84b15\" data-element_type=\"widget\" data-e-type=\"widget\" data-widget_type=\"spacer.default\">\n\t\t\t\t\t\t\t<div class=\"elementor-spacer\">\n\t\t\t<div class=\"elementor-spacer-inner\"><\/div>\n\t\t<\/div>\n\t\t\t\t\t\t<\/div>\n\t\t\t\t<div class=\"elementor-element elementor-element-4a0132e3 elementor-widget elementor-widget-heading\" data-id=\"4a0132e3\" data-element_type=\"widget\" data-e-type=\"widget\" data-widget_type=\"heading.default\">\n\t\t\t\t\t<h4 class=\"elementor-heading-title elementor-size-default\">Quelle \u00e9pilation au laser pour peau fonc\u00e9e Technologie Laval utilisez-vous?<\/h4>\t\t\t\t<\/div>\n\t\t\t\t<section class=\"elementor-section elementor-inner-section elementor-element elementor-element-41efcd7c elementor-section-boxed elementor-section-height-default elementor-section-height-default\" data-id=\"41efcd7c\" data-element_type=\"section\" data-e-type=\"section\" id=\"Quelle-technologie-laser-pour-peau-foncee-utilisez-vous\">\n\t\t\t\t\t\t<div class=\"elementor-container elementor-column-gap-default\">\n\t\t\t\t\t<div class=\"elementor-column elementor-col-50 elementor-inner-column elementor-element elementor-element-b9f70df\" data-id=\"b9f70df\" data-element_type=\"column\" data-e-type=\"column\">\n\t\t\t<div class=\"elementor-widget-wrap elementor-element-populated\">\n\t\t\t\t\t\t<div class=\"elementor-element elementor-element-286ef79a elementor-widget elementor-widget-text-editor\" data-id=\"286ef79a\" data-element_type=\"widget\" data-e-type=\"widget\" data-widget_type=\"text-editor.default\">\n\t\t\t\t\t\t\t\t\t<p>Chez Clinique M\u00e9dico Esth\u00e9tique Complexions, nous utilisons le <a href=\"https:\/\/inmodemd.com\/technologies\/tritonduodark\/\" target=\"_blank\" rel=\"noopener nofollow\"><strong>Triton Duo Dark<\/strong><\/a> pour <span style=\"text-decoration: underline;\">l\u2019\u00e9pilation peau fonc\u00e9e Laval<\/span>\u00a0et bronz\u00e9e. \u00c9pilation peau fonc\u00e9e technologie peut \u00eatre personnalis\u00e9 en fonction de chacun, garantissant la s\u00e9curit\u00e9 et le confort du patient lors de l\u2019\u00e9pilation pour peau foncee et noir au laser.<\/p><p><strong>Triton DuoDark<\/strong> aide les pratiques \u00e0 maximiser les r\u00e9sultats sur les peaux plus fonc\u00e9es, jusqu\u2019au type de peau VI, sans perdre en efficacit\u00e9. Cela peut \u00e9largir la base de patients potentiels pour aider les patients qui, autrement, se retrouveraient sans solution d\u2019\u00e9pilation.<\/p>\t\t\t\t\t\t\t\t<\/div>\n\t\t\t\t\t<\/div>\n\t\t<\/div>\n\t\t\t\t<div class=\"elementor-column elementor-col-50 elementor-inner-column elementor-element elementor-element-49b982e\" data-id=\"49b982e\" data-element_type=\"column\" data-e-type=\"column\">\n\t\t\t<div class=\"elementor-widget-wrap elementor-element-populated\">\n\t\t\t\t\t\t<div class=\"elementor-element elementor-element-75986555 elementor-widget elementor-widget-image\" data-id=\"75986555\" data-element_type=\"widget\" data-e-type=\"widget\" data-widget_type=\"image.default\">\n\t\t\t\t\t\t\t\t\t\t\t\t\t\t\t<img data-rjs=\"2\" decoding=\"async\" src=\"https:\/\/cliniquemec.com\/wp-content\/uploads\/2021\/02\/technology-triton-duo-dark-2.png\" title=\"\" alt=\"technologie triton duo dark\" loading=\"lazy\" \/>\t\t\t\t\t\t\t\t\t\t\t\t\t\t\t<\/div>\n\t\t\t\t\t<\/div>\n\t\t<\/div>\n\t\t\t\t\t<\/div>\n\t\t<\/section>\n\t\t\t\t<div class=\"elementor-element elementor-element-36023e9a elementor-widget elementor-widget-spacer\" data-id=\"36023e9a\" data-element_type=\"widget\" data-e-type=\"widget\" data-widget_type=\"spacer.default\">\n\t\t\t\t\t\t\t<div class=\"elementor-spacer\">\n\t\t\t<div class=\"elementor-spacer-inner\"><\/div>\n\t\t<\/div>\n\t\t\t\t\t\t<\/div>\n\t\t\t\t<section class=\"elementor-section elementor-inner-section elementor-element elementor-element-6dcfa03e elementor-section-boxed elementor-section-height-default elementor-section-height-default\" data-id=\"6dcfa03e\" data-element_type=\"section\" data-e-type=\"section\" data-settings=\"{&quot;background_background&quot;:&quot;classic&quot;}\">\n\t\t\t\t\t\t<div class=\"elementor-container elementor-column-gap-default\">\n\t\t\t\t\t<div class=\"elementor-column elementor-col-50 elementor-inner-column elementor-element elementor-element-77a1a70f\" data-id=\"77a1a70f\" data-element_type=\"column\" data-e-type=\"column\">\n\t\t\t<div class=\"elementor-widget-wrap elementor-element-populated\">\n\t\t\t\t\t\t<div class=\"elementor-element elementor-element-f518c81 elementor-widget elementor-widget-heading\" data-id=\"f518c81\" data-element_type=\"widget\" data-e-type=\"widget\" data-widget_type=\"heading.default\">\n\t\t\t\t\t<h2 class=\"elementor-heading-title elementor-size-default\">CONSULTATION - \u00c9PILATION LAVAL | \u00c9PILATION PEAU NOIRE LAVAL<\/h2>\t\t\t\t<\/div>\n\t\t\t\t<div class=\"elementor-element elementor-element-52bee7f0 elementor-widget elementor-widget-text-editor\" data-id=\"52bee7f0\" data-element_type=\"widget\" data-e-type=\"widget\" data-widget_type=\"text-editor.default\">\n\t\t\t\t\t\t\t\t\t<p>Pour obtenir une \u00e9valuation, r\u00e9servez une consultation gratuite ou contactez-nous au <span style=\"color: #ff00ff;\"><a style=\"color: #ec65a5;\" href=\"http:\/\/+1-514-651-2632\" rel=\"nofollow\"><strong>(514) 651-CMEC (2632)<\/strong><\/a><\/span><\/p>\t\t\t\t\t\t\t\t<\/div>\n\t\t\t\t\t<\/div>\n\t\t<\/div>\n\t\t\t\t<div class=\"elementor-column elementor-col-50 elementor-inner-column elementor-element elementor-element-57828b2b\" data-id=\"57828b2b\" data-element_type=\"column\" data-e-type=\"column\">\n\t\t\t<div class=\"elementor-widget-wrap elementor-element-populated\">\n\t\t\t\t\t\t<div class=\"elementor-element elementor-element-6fcb3ae6 elementor-button-info elementor-align-center elementor-widget elementor-widget-button\" data-id=\"6fcb3ae6\" data-element_type=\"widget\" data-e-type=\"widget\" data-widget_type=\"button.default\">\n\t\t\t\t\t\t\t\t\t\t<a class=\"elementor-button elementor-button-link elementor-size-xs\" href=\"https:\/\/cliniquemec.com\/fr\/#rendez-vous\">\n\t\t\t\t\t\t<span class=\"elementor-button-content-wrapper\">\n\t\t\t\t\t\t\t\t\t<span class=\"elementor-button-text\">R\u00e9servez votre rendez-vous GRATUIT<\/span>\n\t\t\t\t\t<\/span>\n\t\t\t\t\t<\/a>\n\t\t\t\t\t\t\t\t<\/div>\n\t\t\t\t\t<\/div>\n\t\t<\/div>\n\t\t\t\t\t<\/div>\n\t\t<\/section>\n\t\t\t\t<div class=\"elementor-element elementor-element-20cc6e9c elementor-widget elementor-widget-spacer\" data-id=\"20cc6e9c\" data-element_type=\"widget\" data-e-type=\"widget\" data-widget_type=\"spacer.default\">\n\t\t\t\t\t\t\t<div class=\"elementor-spacer\">\n\t\t\t<div class=\"elementor-spacer-inner\"><\/div>\n\t\t<\/div>\n\t\t\t\t\t\t<\/div>\n\t\t\t\t<div class=\"elementor-element elementor-element-1c00dd42 elementor-share-buttons--view-text elementor-share-buttons--shape-rounded elementor-share-buttons--align-center elementor-share-buttons--skin-gradient elementor-grid-0 elementor-share-buttons--color-official elementor-widget elementor-widget-share-buttons\" data-id=\"1c00dd42\" data-element_type=\"widget\" data-e-type=\"widget\" data-widget_type=\"share-buttons.default\">\n\t\t\t\t\t\t\t<div class=\"elementor-grid\" role=\"list\">\n\t\t\t\t\t\t\t\t<div class=\"elementor-grid-item\" role=\"listitem\">\n\t\t\t\t\t\t<div class=\"elementor-share-btn elementor-share-btn_facebook\" role=\"button\" tabindex=\"0\" aria-label=\"Partager sur facebook\">\n\t\t\t\t\t\t\t\t\t\t\t\t\t\t\t\t\t\t\t\t\t\t<div class=\"elementor-share-btn__text\">\n\t\t\t\t\t\t\t\t\t\t\t\t\t\t\t\t\t\t\t<span class=\"elementor-share-btn__title\">\n\t\t\t\t\t\t\t\t\t\tFacebook\t\t\t\t\t\t\t\t\t<\/span>\n\t\t\t\t\t\t\t\t\t\t\t\t\t\t\t\t\t<\/div>\n\t\t\t\t\t\t\t\t\t\t\t\t\t<\/div>\n\t\t\t\t\t<\/div>\n\t\t\t\t\t\t\t\t\t<div class=\"elementor-grid-item\" role=\"listitem\">\n\t\t\t\t\t\t<div class=\"elementor-share-btn elementor-share-btn_twitter\" role=\"button\" tabindex=\"0\" aria-label=\"Partager sur twitter\">\n\t\t\t\t\t\t\t\t\t\t\t\t\t\t\t\t\t\t\t\t\t\t<div class=\"elementor-share-btn__text\">\n\t\t\t\t\t\t\t\t\t\t\t\t\t\t\t\t\t\t\t<span class=\"elementor-share-btn__title\">\n\t\t\t\t\t\t\t\t\t\tTwitter\t\t\t\t\t\t\t\t\t<\/span>\n\t\t\t\t\t\t\t\t\t\t\t\t\t\t\t\t\t<\/div>\n\t\t\t\t\t\t\t\t\t\t\t\t\t<\/div>\n\t\t\t\t\t<\/div>\n\t\t\t\t\t\t\t\t\t<div class=\"elementor-grid-item\" role=\"listitem\">\n\t\t\t\t\t\t<div class=\"elementor-share-btn elementor-share-btn_linkedin\" role=\"button\" tabindex=\"0\" aria-label=\"Partager sur linkedin\">\n\t\t\t\t\t\t\t\t\t\t\t\t\t\t\t\t\t\t\t\t\t\t<div class=\"elementor-share-btn__text\">\n\t\t\t\t\t\t\t\t\t\t\t\t\t\t\t\t\t\t\t<span class=\"elementor-share-btn__title\">\n\t\t\t\t\t\t\t\t\t\tLinkedIn\t\t\t\t\t\t\t\t\t<\/span>\n\t\t\t\t\t\t\t\t\t\t\t\t\t\t\t\t\t<\/div>\n\t\t\t\t\t\t\t\t\t\t\t\t\t<\/div>\n\t\t\t\t\t<\/div>\n\t\t\t\t\t\t\t\t\t<div class=\"elementor-grid-item\" role=\"listitem\">\n\t\t\t\t\t\t<div class=\"elementor-share-btn elementor-share-btn_email\" role=\"button\" tabindex=\"0\" aria-label=\"Partager sur email\">\n\t\t\t\t\t\t\t\t\t\t\t\t\t\t\t\t\t\t\t\t\t\t<div class=\"elementor-share-btn__text\">\n\t\t\t\t\t\t\t\t\t\t\t\t\t\t\t\t\t\t\t<span class=\"elementor-share-btn__title\">\n\t\t\t\t\t\t\t\t\t\tEmail\t\t\t\t\t\t\t\t\t<\/span>\n\t\t\t\t\t\t\t\t\t\t\t\t\t\t\t\t\t<\/div>\n\t\t\t\t\t\t\t\t\t\t\t\t\t<\/div>\n\t\t\t\t\t<\/div>\n\t\t\t\t\t\t\t\t\t<div class=\"elementor-grid-item\" role=\"listitem\">\n\t\t\t\t\t\t<div class=\"elementor-share-btn elementor-share-btn_pinterest\" role=\"button\" tabindex=\"0\" aria-label=\"Partager sur pinterest\">\n\t\t\t\t\t\t\t\t\t\t\t\t\t\t\t\t\t\t\t\t\t\t<div class=\"elementor-share-btn__text\">\n\t\t\t\t\t\t\t\t\t\t\t\t\t\t\t\t\t\t\t<span class=\"elementor-share-btn__title\">\n\t\t\t\t\t\t\t\t\t\tPinterest\t\t\t\t\t\t\t\t\t<\/span>\n\t\t\t\t\t\t\t\t\t\t\t\t\t\t\t\t\t<\/div>\n\t\t\t\t\t\t\t\t\t\t\t\t\t<\/div>\n\t\t\t\t\t<\/div>\n\t\t\t\t\t\t\t\t\t<div class=\"elementor-grid-item\" role=\"listitem\">\n\t\t\t\t\t\t<div class=\"elementor-share-btn elementor-share-btn_whatsapp\" role=\"button\" tabindex=\"0\" aria-label=\"Partager sur whatsapp\">\n\t\t\t\t\t\t\t\t\t\t\t\t\t\t\t\t\t\t\t\t\t\t<div class=\"elementor-share-btn__text\">\n\t\t\t\t\t\t\t\t\t\t\t\t\t\t\t\t\t\t\t<span class=\"elementor-share-btn__title\">\n\t\t\t\t\t\t\t\t\t\tWhatsApp\t\t\t\t\t\t\t\t\t<\/span>\n\t\t\t\t\t\t\t\t\t\t\t\t\t\t\t\t\t<\/div>\n\t\t\t\t\t\t\t\t\t\t\t\t\t<\/div>\n\t\t\t\t\t<\/div>\n\t\t\t\t\t\t\t\t\t<div class=\"elementor-grid-item\" role=\"listitem\">\n\t\t\t\t\t\t<div class=\"elementor-share-btn elementor-share-btn_digg\" role=\"button\" tabindex=\"0\" aria-label=\"Partager sur digg\">\n\t\t\t\t\t\t\t\t\t\t\t\t\t\t\t\t\t\t\t\t\t\t<div class=\"elementor-share-btn__text\">\n\t\t\t\t\t\t\t\t\t\t\t\t\t\t\t\t\t\t\t<span class=\"elementor-share-btn__title\">\n\t\t\t\t\t\t\t\t\t\tDigg\t\t\t\t\t\t\t\t\t<\/span>\n\t\t\t\t\t\t\t\t\t\t\t\t\t\t\t\t\t<\/div>\n\t\t\t\t\t\t\t\t\t\t\t\t\t<\/div>\n\t\t\t\t\t<\/div>\n\t\t\t\t\t\t<\/div>\n\t\t\t\t\t\t<\/div>\n\t\t\t\t<div class=\"elementor-element elementor-element-0f30957 elementor-widget elementor-widget-spacer\" data-id=\"0f30957\" data-element_type=\"widget\" data-e-type=\"widget\" data-widget_type=\"spacer.default\">\n\t\t\t\t\t\t\t<div class=\"elementor-spacer\">\n\t\t\t<div class=\"elementor-spacer-inner\"><\/div>\n\t\t<\/div>\n\t\t\t\t\t\t<\/div>\n\t\t\t\t\t<\/div>\n\t\t<\/div>\n\t\t\t\t<div class=\"elementor-column elementor-col-33 elementor-top-column elementor-element elementor-element-68e79d53\" data-id=\"68e79d53\" data-element_type=\"column\" data-e-type=\"column\">\n\t\t\t<div class=\"elementor-widget-wrap elementor-element-populated\">\n\t\t\t\t\t\t<div class=\"elementor-element elementor-element-e445a08 elementor-toc--minimized-on-tablet elementor-widget elementor-widget-table-of-contents\" data-id=\"e445a08\" data-element_type=\"widget\" data-e-type=\"widget\" data-settings=\"{&quot;exclude_headings_by_selector&quot;:[],&quot;no_headings_message&quot;:&quot;No headings were found on this page.&quot;,&quot;headings_by_tags&quot;:[&quot;h2&quot;,&quot;h3&quot;,&quot;h4&quot;,&quot;h5&quot;,&quot;h6&quot;],&quot;marker_view&quot;:&quot;numbers&quot;,&quot;minimize_box&quot;:&quot;yes&quot;,&quot;minimized_on&quot;:&quot;tablet&quot;,&quot;hierarchical_view&quot;:&quot;yes&quot;,&quot;min_height&quot;:{&quot;unit&quot;:&quot;px&quot;,&quot;size&quot;:&quot;&quot;,&quot;sizes&quot;:[]},&quot;min_height_tablet&quot;:{&quot;unit&quot;:&quot;px&quot;,&quot;size&quot;:&quot;&quot;,&quot;sizes&quot;:[]},&quot;min_height_mobile&quot;:{&quot;unit&quot;:&quot;px&quot;,&quot;size&quot;:&quot;&quot;,&quot;sizes&quot;:[]}}\" data-widget_type=\"table-of-contents.default\">\n\t\t\t\t\t\t\t<div class=\"elementor-toc__header\">\n\t\t\t<h4 class=\"elementor-toc__header-title\">\n\t\t\t\tTable des Mati\u00e8res\t\t\t<\/h4>\n\t\t\t\t\t\t\t<div class=\"elementor-toc__toggle-button elementor-toc__toggle-button--expand\" role=\"button\" tabindex=\"0\" aria-controls=\"elementor-toc__e445a08\" aria-expanded=\"true\" aria-label=\"Ouvrir la table des mati\u00e8res\"><svg aria-hidden=\"true\" class=\"e-font-icon-svg e-fas-chevron-down\" viewBox=\"0 0 448 512\" xmlns=\"http:\/\/www.w3.org\/2000\/svg\"><path d=\"M207.029 381.476L12.686 187.132c-9.373-9.373-9.373-24.569 0-33.941l22.667-22.667c9.357-9.357 24.522-9.375 33.901-.04L224 284.505l154.745-154.021c9.379-9.335 24.544-9.317 33.901.04l22.667 22.667c9.373 9.373 9.373 24.569 0 33.941L240.971 381.476c-9.373 9.372-24.569 9.372-33.942 0z\"><\/path><\/svg><\/div>\n\t\t\t\t<div class=\"elementor-toc__toggle-button elementor-toc__toggle-button--collapse\" role=\"button\" tabindex=\"0\" aria-controls=\"elementor-toc__e445a08\" aria-expanded=\"true\" aria-label=\"Fermer la table des mati\u00e8res\"><svg aria-hidden=\"true\" class=\"e-font-icon-svg e-fas-chevron-up\" viewBox=\"0 0 448 512\" xmlns=\"http:\/\/www.w3.org\/2000\/svg\"><path d=\"M240.971 130.524l194.343 194.343c9.373 9.373 9.373 24.569 0 33.941l-22.667 22.667c-9.357 9.357-24.522 9.375-33.901.04L224 227.495 69.255 381.516c-9.379 9.335-24.544 9.317-33.901-.04l-22.667-22.667c-9.373-9.373-9.373-24.569 0-33.941L207.03 130.525c9.372-9.373 24.568-9.373 33.941-.001z\"><\/path><\/svg><\/div>\n\t\t\t\t\t<\/div>\n\t\t<div id=\"elementor-toc__e445a08\" class=\"elementor-toc__body\">\n\t\t\t<div class=\"elementor-toc__spinner-container\">\n\t\t\t\t<svg class=\"elementor-toc__spinner eicon-animation-spin e-font-icon-svg e-eicon-loading\" aria-hidden=\"true\" viewBox=\"0 0 1000 1000\" xmlns=\"http:\/\/www.w3.org\/2000\/svg\"><path d=\"M500 975V858C696 858 858 696 858 500S696 142 500 142 142 304 142 500H25C25 237 238 25 500 25S975 237 975 500 763 975 500 975Z\"><\/path><\/svg>\t\t\t<\/div>\n\t\t<\/div>\n\t\t\t\t\t\t<\/div>\n\t\t\t\t<div class=\"elementor-element elementor-element-34c36cd5 elementor-arrows-yes elementor-pagination-type-bullets elementor-review--has-separator elementor--star-style-star_fontawesome elementor-widget elementor-widget-reviews\" data-id=\"34c36cd5\" data-element_type=\"widget\" data-e-type=\"widget\" data-settings=\"{&quot;show_arrows&quot;:&quot;yes&quot;,&quot;pagination&quot;:&quot;bullets&quot;,&quot;speed&quot;:500,&quot;autoplay&quot;:&quot;yes&quot;,&quot;autoplay_speed&quot;:5000,&quot;loop&quot;:&quot;yes&quot;,&quot;pause_on_hover&quot;:&quot;yes&quot;,&quot;pause_on_interaction&quot;:&quot;yes&quot;,&quot;space_between&quot;:{&quot;unit&quot;:&quot;px&quot;,&quot;size&quot;:10,&quot;sizes&quot;:[]},&quot;space_between_tablet&quot;:{&quot;unit&quot;:&quot;px&quot;,&quot;size&quot;:10,&quot;sizes&quot;:[]},&quot;space_between_mobile&quot;:{&quot;unit&quot;:&quot;px&quot;,&quot;size&quot;:10,&quot;sizes&quot;:[]}}\" data-widget_type=\"reviews.default\">\n\t\t\t\t\t\t\t\t\t\t<div class=\"elementor-main-swiper swiper\" role=\"region\" aria-roledescription=\"carousel\" aria-label=\"Slides\">\n\t\t\t\t<div class=\"swiper-wrapper\">\n\t\t\t\t\t\t\t\t\t\t\t<div class=\"swiper-slide\" role=\"group\" aria-roledescription=\"slide\">\n\t\t\t\t\t\t\t\t\t<div class=\"elementor-testimonial elementor-repeater-item-7294235\">\n\t\t\t\t\t\t\t<a class=\"elementor-testimonial__header\" href=\"https:\/\/goo.gl\/maps\/EbhDxSAtuw8cmu9t6\" rel=\"nofollow noopener\" target=\"_blank\">\n\t\t\t\t\t\t\t\t\t\t\t<div class=\"elementor-testimonial__image\">\n\t\t\t\t\t\t\t<img decoding=\"async\" src=\"https:\/\/cliniquemec.com\/wp-content\/uploads\/2021\/03\/user-icon.jpg\" alt=\"J. R.\">\n\t\t\t\t\t\t\t\t\t\t\t\t\t<\/div>\n\t\t\t\t\t\t\t\t\t\t<cite class=\"elementor-testimonial__cite\"><span class=\"elementor-testimonial__name\">J. R.<\/span><div class=\"elementor-star-rating\"><i class=\"elementor-star-full\">&#xE934;<\/i><i class=\"elementor-star-full\">&#xE934;<\/i><i class=\"elementor-star-full\">&#xE934;<\/i><i class=\"elementor-star-full\">&#xE934;<\/i><i class=\"elementor-star-full\">&#xE934;<\/i><\/div><\/cite>\t\t\t\t\t<div class=\"elementor-testimonial__icon elementor-icon elementor-icon-google-plus\" aria-label=\"Lire plus\"><svg aria-hidden=\"true\" class=\"e-font-icon-svg e-fab-google-plus\" viewBox=\"0 0 512 512\" xmlns=\"http:\/\/www.w3.org\/2000\/svg\"><path d=\"M256,8C119.1,8,8,119.1,8,256S119.1,504,256,504,504,392.9,504,256,392.9,8,256,8ZM185.3,380a124,124,0,0,1,0-248c31.3,0,60.1,11,83,32.3l-33.6,32.6c-13.2-12.9-31.3-19.1-49.4-19.1-42.9,0-77.2,35.5-77.2,78.1S142.3,334,185.3,334c32.6,0,64.9-19.1,70.1-53.3H185.3V238.1H302.2a109.2,109.2,0,0,1,1.9,20.7c0,70.8-47.5,121.2-118.8,121.2ZM415.5,273.8v35.5H380V273.8H344.5V238.3H380V202.8h35.5v35.5h35.2v35.5Z\"><\/path><\/svg><\/div>\t\t\t\t<\/a>\n\t\t\t\t\t\t\t\t\t\t<div class=\"elementor-testimonial__content\">\n\t\t\t\t\t<div class=\"elementor-testimonial__text\">\n\t\t\t\t\t\tMon medcein de famille est dans la m\u00eame batisse que la Clinique M\u00e9dico Esthetique Complexions donc j'ai decider de prendre rdv pour consulter par raport \u00e0 mes poils incarn\u00e9 au niveau de ma barbe du cou, j'ai une peau Mediterranean et un poil tr\u00e8s fort, la techincienne \u00e0 bien pris le temps de evauler ma condition et m'a donner tous les infos ansi ques des bons conseils et petits trucs et \u00e0 recommender une series de traitements d'\u00e9pilation laser au Yag, des le 3 ieme traitement mon probl\u00e8me de poils incarn\u00e9 \u00e9tait d\u00e9j\u00e0 regler, ma peau est d\u00e9j\u00e0 plus lisse et je ne fais plus de gros boutons inflammatoire!\t\t\t\t\t<\/div>\n\t\t\t\t<\/div>\n\t\t\t\t\t<\/div>\n\t\t\t\t\t\t\t\t<\/div>\n\t\t\t\t\t\t\t\t\t<\/div>\n\t\t\t\t\t\t\t<\/div>\n\t\t\t\t\t\t\t\t<\/div>\n\t\t\t\t<div class=\"elementor-element elementor-element-169a66bc elementor-shape-rounded elementor-grid-0 e-grid-align-center elementor-widget elementor-widget-social-icons\" data-id=\"169a66bc\" data-element_type=\"widget\" data-e-type=\"widget\" data-widget_type=\"social-icons.default\">\n\t\t\t\t\t\t\t<div class=\"elementor-social-icons-wrapper elementor-grid\" role=\"list\">\n\t\t\t\t\t\t\t<span class=\"elementor-grid-item\" role=\"listitem\">\n\t\t\t\t\t<a class=\"elementor-icon elementor-social-icon elementor-social-icon-facebook elementor-repeater-item-65d0eab\" href=\"https:\/\/www.facebook.com\/clinique.complexions\/\" target=\"_blank\" rel=\"nofollow noopener\">\n\t\t\t\t\t\t<span class=\"elementor-screen-only\">Facebook<\/span>\n\t\t\t\t\t\t<svg aria-hidden=\"true\" class=\"e-font-icon-svg e-fab-facebook\" viewBox=\"0 0 512 512\" xmlns=\"http:\/\/www.w3.org\/2000\/svg\"><path d=\"M504 256C504 119 393 8 256 8S8 119 8 256c0 123.78 90.69 226.38 209.25 245V327.69h-63V256h63v-54.64c0-62.15 37-96.48 93.67-96.48 27.14 0 55.52 4.84 55.52 4.84v61h-31.28c-30.8 0-40.41 19.12-40.41 38.73V256h68.78l-11 71.69h-57.78V501C413.31 482.38 504 379.78 504 256z\"><\/path><\/svg>\t\t\t\t\t<\/a>\n\t\t\t\t<\/span>\n\t\t\t\t\t\t\t<span class=\"elementor-grid-item\" role=\"listitem\">\n\t\t\t\t\t<a class=\"elementor-icon elementor-social-icon elementor-social-icon-instagram elementor-repeater-item-5f1b4e1\" href=\"https:\/\/www.instagram.com\/clinique_complexions\/\" target=\"_blank\" rel=\"nofollow noopener\">\n\t\t\t\t\t\t<span class=\"elementor-screen-only\">Instagram<\/span>\n\t\t\t\t\t\t<svg aria-hidden=\"true\" class=\"e-font-icon-svg e-fab-instagram\" viewBox=\"0 0 448 512\" xmlns=\"http:\/\/www.w3.org\/2000\/svg\"><path d=\"M224.1 141c-63.6 0-114.9 51.3-114.9 114.9s51.3 114.9 114.9 114.9S339 319.5 339 255.9 287.7 141 224.1 141zm0 189.6c-41.1 0-74.7-33.5-74.7-74.7s33.5-74.7 74.7-74.7 74.7 33.5 74.7 74.7-33.6 74.7-74.7 74.7zm146.4-194.3c0 14.9-12 26.8-26.8 26.8-14.9 0-26.8-12-26.8-26.8s12-26.8 26.8-26.8 26.8 12 26.8 26.8zm76.1 27.2c-1.7-35.9-9.9-67.7-36.2-93.9-26.2-26.2-58-34.4-93.9-36.2-37-2.1-147.9-2.1-184.9 0-35.8 1.7-67.6 9.9-93.9 36.1s-34.4 58-36.2 93.9c-2.1 37-2.1 147.9 0 184.9 1.7 35.9 9.9 67.7 36.2 93.9s58 34.4 93.9 36.2c37 2.1 147.9 2.1 184.9 0 35.9-1.7 67.7-9.9 93.9-36.2 26.2-26.2 34.4-58 36.2-93.9 2.1-37 2.1-147.8 0-184.8zM398.8 388c-7.8 19.6-22.9 34.7-42.6 42.6-29.5 11.7-99.5 9-132.1 9s-102.7 2.6-132.1-9c-19.6-7.8-34.7-22.9-42.6-42.6-11.7-29.5-9-99.5-9-132.1s-2.6-102.7 9-132.1c7.8-19.6 22.9-34.7 42.6-42.6 29.5-11.7 99.5-9 132.1-9s102.7-2.6 132.1 9c19.6 7.8 34.7 22.9 42.6 42.6 11.7 29.5 9 99.5 9 132.1s2.7 102.7-9 132.1z\"><\/path><\/svg>\t\t\t\t\t<\/a>\n\t\t\t\t<\/span>\n\t\t\t\t\t\t\t<span class=\"elementor-grid-item\" role=\"listitem\">\n\t\t\t\t\t<a class=\"elementor-icon elementor-social-icon elementor-social-icon-youtube elementor-repeater-item-1503435\" target=\"_blank\">\n\t\t\t\t\t\t<span class=\"elementor-screen-only\">Youtube<\/span>\n\t\t\t\t\t\t<svg aria-hidden=\"true\" class=\"e-font-icon-svg e-fab-youtube\" viewBox=\"0 0 576 512\" xmlns=\"http:\/\/www.w3.org\/2000\/svg\"><path d=\"M549.655 124.083c-6.281-23.65-24.787-42.276-48.284-48.597C458.781 64 288 64 288 64S117.22 64 74.629 75.486c-23.497 6.322-42.003 24.947-48.284 48.597-11.412 42.867-11.412 132.305-11.412 132.305s0 89.438 11.412 132.305c6.281 23.65 24.787 41.5 48.284 47.821C117.22 448 288 448 288 448s170.78 0 213.371-11.486c23.497-6.321 42.003-24.171 48.284-47.821 11.412-42.867 11.412-132.305 11.412-132.305s0-89.438-11.412-132.305zm-317.51 213.508V175.185l142.739 81.205-142.739 81.201z\"><\/path><\/svg>\t\t\t\t\t<\/a>\n\t\t\t\t<\/span>\n\t\t\t\t\t<\/div>\n\t\t\t\t\t\t<\/div>\n\t\t\t\t\t<\/div>\n\t\t<\/div>\n\t\t\t\t\t<\/div>\n\t\t<\/section>\n\t\t\t\t<\/div>\n\t\t","protected":false},"excerpt":{"rendered":"<p>Home \u00c9PILATION LAVAL \u00c9pilation Laval, laser Nd:YAG pour la peau noire, brune ou pigment\u00e9e. La Clinique M\u00e9dico Esth\u00e9tique Complexions est fi\u00e8re d&rsquo;offrir \u00e0 ses clients de la grande r\u00e9gion de Laval, au Qu\u00e9bec au nord de l&rsquo;\u00eele de Montr\u00e9al, l&rsquo;\u00e9pilation\u00a0 &hellip; <a href=\"https:\/\/cliniquemec.com\/fr\/epilation-laval\/\">Read More<\/a><\/p>\n","protected":false},"author":40,"featured_media":0,"parent":0,"menu_order":0,"comment_status":"closed","ping_status":"closed","template":"","meta":{"_acf_changed":false,"footnotes":""},"class_list":["post-1913","page","type-page","status-publish","hentry"],"acf":[],"_links":{"self":[{"href":"https:\/\/cliniquemec.com\/fr\/wp-json\/wp\/v2\/pages\/1913","targetHints":{"allow":["GET"]}}],"collection":[{"href":"https:\/\/cliniquemec.com\/fr\/wp-json\/wp\/v2\/pages"}],"about":[{"href":"https:\/\/cliniquemec.com\/fr\/wp-json\/wp\/v2\/types\/page"}],"author":[{"embeddable":true,"href":"https:\/\/cliniquemec.com\/fr\/wp-json\/wp\/v2\/users\/40"}],"replies":[{"embeddable":true,"href":"https:\/\/cliniquemec.com\/fr\/wp-json\/wp\/v2\/comments?post=1913"}],"version-history":[{"count":0,"href":"https:\/\/cliniquemec.com\/fr\/wp-json\/wp\/v2\/pages\/1913\/revisions"}],"wp:attachment":[{"href":"https:\/\/cliniquemec.com\/fr\/wp-json\/wp\/v2\/media?parent=1913"}],"curies":[{"name":"wp","href":"https:\/\/api.w.org\/{rel}","templated":true}]}}